
{"id":862,"date":"2018-05-04T13:40:38","date_gmt":"2018-05-04T16:40:38","guid":{"rendered":"http:\/\/kavantan.com.br\/2016\/?page_id=862"},"modified":"2020-01-30T11:32:27","modified_gmt":"2020-01-30T14:32:27","slug":"aeroplanos","status":"publish","type":"page","link":"https:\/\/kavantan.com.br\/2016\/projetos\/aeroplanos\/","title":{"rendered":"Aeroplanos"},"content":{"rendered":"\t\t<div data-elementor-type=\"wp-page\" data-elementor-id=\"862\" class=\"elementor elementor-862\" data-elementor-settings=\"[]\">\n\t\t\t\t\t\t<div class=\"elementor-inner\">\n\t\t\t\t\t\t\t<div class=\"elementor-section-wrap\">\n\t\t\t\t\t\t\t<section class=\"elementor-section elementor-top-section elementor-element elementor-element-327ffd6a elementor-section-boxed elementor-section-height-default elementor-section-height-default\" data-id=\"327ffd6a\" data-element_type=\"section\">\n\t\t\t\t\t\t<div class=\"elementor-container elementor-column-gap-default\">\n\t\t\t\t\t\t\t<div class=\"elementor-row\">\n\t\t\t\t\t<div class=\"elementor-column elementor-col-100 elementor-top-column elementor-element elementor-element-c2c4fbc\" data-id=\"c2c4fbc\" data-element_type=\"column\">\n\t\t\t<div class=\"elementor-column-wrap elementor-element-populated\">\n\t\t\t\t\t\t\t<div class=\"elementor-widget-wrap\">\n\t\t\t\t\t\t<div class=\"elementor-element elementor-element-323b7ae elementor-widget elementor-widget-heading\" data-id=\"323b7ae\" data-element_type=\"widget\" data-widget_type=\"heading.default\">\n\t\t\t\t<div class=\"elementor-widget-container\">\n\t\t\t<h2 class=\"elementor-heading-title elementor-size-default\">Aeroplanos<\/h2>\t\t<\/div>\n\t\t\t\t<\/div>\n\t\t\t\t<div class=\"elementor-element elementor-element-1275f5d8 elementor-widget elementor-widget-text-editor\" data-id=\"1275f5d8\" data-element_type=\"widget\" data-widget_type=\"text-editor.default\">\n\t\t\t\t<div class=\"elementor-widget-container\">\n\t\t\t\t\t\t\t\t<div class=\"elementor-text-editor elementor-clearfix\">\n\t\t\t\t<p><img loading=\"lazy\" decoding=\"async\" class=\"alignnone wp-image-869\" src=\"http:\/\/kavantan.com.br\/2016\/wp-content\/uploads\/2018\/05\/Foto-Joao-Caldas-F\u00ba_05111-press-e1525451495525.jpg\" alt=\"\" width=\"1400\" height=\"563\" \/><\/p><p><em>Escrita pelo argentino Carlos Gorostiza, a com\u00e9dia tem dire\u00e7\u00e3o de Ednaldo Freire e prop\u00f5e ao espectador uma delicada e divertida reflex\u00e3o sobre a amizade.<\/em><\/p><p>A a\u00e7\u00e3o da pe\u00e7a se concentra num dia decisivo para os vi\u00favos Chico (Petrin) e Cristo (Arduin), dois setent\u00f5es de classe m\u00e9dia, ex-jogadores de futebol, que mant\u00eam o h\u00e1bito de se visitar assiduamente. Enquanto relembram o passado e discutem quest\u00f5es urgentes do presente, os dois s\u00e3o surpreendidos por um convite inesperado, que poder\u00e1 transformar suas vidas.<\/p><p>Ao retratar um dia especial na vida desses velhos amigos insepar\u00e1veis, a pe\u00e7a prop\u00f5e ao espectador uma delicada e divertida reflex\u00e3o sobre a amizade e o envelhecimento. \u201cCom humor, sensibilidade e di\u00e1logos inteligentes, o espet\u00e1culo reflete sobre a exist\u00eancia, a partir do ponto de vista dos idosos. O medo da morte, a solid\u00e3o, a perda de independ\u00eancia e a sempre irrefre\u00e1vel e humana vontade de viver intensamente cada minuto s\u00e3o temas essenciais desse grande texto da dramaturgia argentina contempor\u00e2nea\u201d, lembra Petrin, que tamb\u00e9m assina a tradu\u00e7\u00e3o e adapta\u00e7\u00e3o da obra.<\/p><p><strong>Velhos Protagonistas<\/strong><strong><br \/><\/strong><\/p><p>Primeira montagem brasileira do texto de Gorostiza, <em>Aeroplanos<\/em>\u00a0\u00e9 o terceiro espet\u00e1culo do projeto Velhos Protagonistas iniciado em 2000, quando Antonio Petrin completou trinta e cinco anos de carreira profissional. A pe\u00e7a escolhida para abrir o projeto foi <em>A \u00daltima Grava\u00e7\u00e3o de Krapp<\/em>, de Samuel Beckett. Em 2004, o ator produziu e interpretou <em>Um Merlin<\/em>, texto escrito especialmente para ele por Luis Alberto de Abreu.<\/p><p>A escolha de <em>Aeroplanos<\/em>, para finalizar o projeto, segundo Petrin, \u00e9 uma consequ\u00eancia natural, j\u00e1 que \u201cessa \u00e9 uma das mais profundas e comoventes pe\u00e7as da atual dramaturgia argentina, enfocando a velhice com humor, poesia e delicadeza\u201d.<\/p>\t\t\t\t\t<\/div>\n\t\t\t\t\t\t<\/div>\n\t\t\t\t<\/div>\n\t\t\t\t<div class=\"elementor-element elementor-element-af93242 elementor-widget elementor-widget-text-editor\" data-id=\"af93242\" data-element_type=\"widget\" data-widget_type=\"text-editor.default\">\n\t\t\t\t<div class=\"elementor-widget-container\">\n\t\t\t\t\t\t\t\t<div class=\"elementor-text-editor elementor-clearfix\">\n\t\t\t\t<p><span style=\"font-weight: 600; text-align: center;\">Fotos do Espet\u00e1culo<\/span><\/p>\t\t\t\t\t<\/div>\n\t\t\t\t\t\t<\/div>\n\t\t\t\t<\/div>\n\t\t\t\t<div class=\"elementor-element elementor-element-4380d4e elementor-widget elementor-widget-image-gallery\" data-id=\"4380d4e\" data-element_type=\"widget\" data-widget_type=\"image-gallery.default\">\n\t\t\t\t<div class=\"elementor-widget-container\">\n\t\t\t\t\t<div class=\"elementor-image-gallery\">\n\t\t\t<!-- Rendered by FancyBox without labels BEGIN -->\n\n\t<style type=\"text\/css\">\n\t\t\t\t\t#gallery-0 {\n\t\t\t\t\t\tmargin: auto;\n\t\t\t\t\t}\n\t\t\t\t\t#gallery-0 .gallery-item {\n\t\t\t\t\t\tfloat: left;\n\t\t\t\t\t\tmargin-top: 10px;\n\t\t\t\t\t\ttext-align: center;\n\t\t\t\t\t\twidth: 24%;\n\t\t\t\t\t}\n\t\t\t\t\t#gallery-0 img {\n\t\t\t\t\t\tborder: 2px solid #cfcfcf;\n\t\t\t\t\t}\n\t\t\t\t\t#gallery-0 .gallery-caption {\n\t\t\t\t\t\tmargin-left: 0;\n\t\t\t\t\t}\n\t<\/style>\n<script type=\"text\/javascript\">\n$(document).ready(function() {\n\t\/*\n\t *  Simple image gallery. Uses default settings\n\t *\/\n\n\t$(\".fancybox\").fancybox({\n\t\t\"transitionIn\"\t\t: \"none\",\n\t\t\"transitionOut\"\t\t: \"none\",\n\t\t\"titlePosition\" \t: \"over\"\n\n\t});\n});\n<\/script>\n\n\t<div id=\"gallery-0\" class=\"gallery galleryid-0 gallery-size-thumbnail\" style=\"\"><dl class=\"gallery-item\"><dt class=\"gallery-icon\">\n\t\t<a class=\"fancybox\" href=\"https:\/\/kavantan.com.br\/2016\/wp-content\/uploads\/2018\/05\/Foto-Joao-Caldas-F-\u00a6_317377press-1024x732.jpg\" rel=\"gallery-0\"><img loading=\"lazy\" decoding=\"async\" width=\"150\" height=\"150\" class=\"attachment-thumbnail\" alt=\"\" src=\"https:\/\/kavantan.com.br\/2016\/wp-content\/uploads\/2018\/05\/Foto-Joao-Caldas-F-\u00a6_317377press-150x150.jpg\" \/><\/a><\/dt><\/dl>\n\n<dl class=\"gallery-item\"><dt class=\"gallery-icon\">\n\t\t<a class=\"fancybox\" href=\"https:\/\/kavantan.com.br\/2016\/wp-content\/uploads\/2018\/05\/Foto-Joao-Caldas-F-\u00a6_310456press-1024x833.jpg\" rel=\"gallery-0\"><img loading=\"lazy\" decoding=\"async\" width=\"150\" height=\"150\" class=\"attachment-thumbnail\" alt=\"\" src=\"https:\/\/kavantan.com.br\/2016\/wp-content\/uploads\/2018\/05\/Foto-Joao-Caldas-F-\u00a6_310456press-150x150.jpg\" \/><\/a><\/dt><\/dl>\n\n<dl class=\"gallery-item\"><dt class=\"gallery-icon\">\n\t\t<a class=\"fancybox\" href=\"https:\/\/kavantan.com.br\/2016\/wp-content\/uploads\/2018\/05\/Foto-Joao-Caldas-F-\u00a6_310514press-1024x780.jpg\" rel=\"gallery-0\"><img loading=\"lazy\" decoding=\"async\" width=\"150\" height=\"150\" class=\"attachment-thumbnail\" alt=\"\" src=\"https:\/\/kavantan.com.br\/2016\/wp-content\/uploads\/2018\/05\/Foto-Joao-Caldas-F-\u00a6_310514press-150x150.jpg\" \/><\/a><\/dt><\/dl>\n\n<dl class=\"gallery-item\"><dt class=\"gallery-icon\">\n\t\t<a class=\"fancybox\" href=\"https:\/\/kavantan.com.br\/2016\/wp-content\/uploads\/2018\/05\/Foto-Joao-Caldas-F-\u00a6_311003press-759x1024.jpg\" rel=\"gallery-0\"><img loading=\"lazy\" decoding=\"async\" width=\"150\" height=\"150\" class=\"attachment-thumbnail\" alt=\"\" src=\"https:\/\/kavantan.com.br\/2016\/wp-content\/uploads\/2018\/05\/Foto-Joao-Caldas-F-\u00a6_311003press-150x150.jpg\" \/><\/a><\/dt><\/dl>\n\n<\/div><br clear=\"all\" \/><!-- Rendered by FancyBox without labels END -->\n\t\t<\/div>\n\t\t\t\t<\/div>\n\t\t\t\t<\/div>\n\t\t\t\t<div class=\"elementor-element elementor-element-79b7d74 elementor-widget elementor-widget-spacer\" data-id=\"79b7d74\" data-element_type=\"widget\" data-widget_type=\"spacer.default\">\n\t\t\t\t<div class=\"elementor-widget-container\">\n\t\t\t\t\t<div class=\"elementor-spacer\">\n\t\t\t<div class=\"elementor-spacer-inner\"><\/div>\n\t\t<\/div>\n\t\t\t\t<\/div>\n\t\t\t\t<\/div>\n\t\t\t\t<div class=\"elementor-element elementor-element-b964805 elementor-widget elementor-widget-text-editor\" data-id=\"b964805\" data-element_type=\"widget\" data-widget_type=\"text-editor.default\">\n\t\t\t\t<div class=\"elementor-widget-container\">\n\t\t\t\t\t\t\t\t<div class=\"elementor-text-editor elementor-clearfix\">\n\t\t\t\t<p><b>Trecho do Espet\u00e1culo<\/b><\/p>\t\t\t\t\t<\/div>\n\t\t\t\t\t\t<\/div>\n\t\t\t\t<\/div>\n\t\t\t\t<div class=\"elementor-element elementor-element-906c0c0 elementor-aspect-ratio-169 elementor-widget elementor-widget-video\" data-id=\"906c0c0\" data-element_type=\"widget\" data-settings=\"{&quot;youtube_url&quot;:&quot;https:\\\/\\\/youtu.be\\\/EVeujFaNmZ4&quot;,&quot;video_type&quot;:&quot;youtube&quot;,&quot;controls&quot;:&quot;yes&quot;,&quot;aspect_ratio&quot;:&quot;169&quot;}\" data-widget_type=\"video.default\">\n\t\t\t\t<div class=\"elementor-widget-container\">\n\t\t\t\t\t<div class=\"elementor-wrapper elementor-fit-aspect-ratio elementor-open-inline\">\n\t\t\t<div class=\"elementor-video\"><\/div>\t\t<\/div>\n\t\t\t\t<\/div>\n\t\t\t\t<\/div>\n\t\t\t\t<section class=\"elementor-section elementor-inner-section elementor-element elementor-element-90b83b0 elementor-section-boxed elementor-section-height-default elementor-section-height-default\" data-id=\"90b83b0\" data-element_type=\"section\">\n\t\t\t\t\t\t<div class=\"elementor-container elementor-column-gap-default\">\n\t\t\t\t\t\t\t<div class=\"elementor-row\">\n\t\t\t\t\t<div class=\"elementor-column elementor-col-50 elementor-inner-column elementor-element elementor-element-df0ee9a\" data-id=\"df0ee9a\" data-element_type=\"column\">\n\t\t\t<div class=\"elementor-column-wrap elementor-element-populated\">\n\t\t\t\t\t\t\t<div class=\"elementor-widget-wrap\">\n\t\t\t\t\t\t<div class=\"elementor-element elementor-element-0148ee1 elementor-widget elementor-widget-text-editor\" data-id=\"0148ee1\" data-element_type=\"widget\" data-widget_type=\"text-editor.default\">\n\t\t\t\t<div class=\"elementor-widget-container\">\n\t\t\t\t\t\t\t\t<div class=\"elementor-text-editor elementor-clearfix\">\n\t\t\t\t<h6><span style=\"font-weight: 600;\">Ficha T\u00e9cnica<\/span><\/h6><p><b>Texto<\/b>: Carlos\u00a0Gorostiza<br \/><b>Adapta\u00e7\u00e3o<\/b>:\u00a0Antonio Petrin<br \/><b>Dire\u00e7\u00e3o<\/b>: Ednaldo Freire<br \/><b>Elenco<\/b>:\u00a0Antonio Petrin e\u00a0Roberto Arduin<br \/><b>Cenografia<\/b>: Antonio Petrin<br \/><b>Ilumina\u00e7\u00e3o<\/b>: Wagner Freire<br \/><b>Trilha sonora<\/b>: Jonatan Harold<br \/><b>Assistente de dire\u00e7\u00e3o (ensaios)<\/b>: Eduardo Schlindwein<br \/><b>Assistente de ilumina\u00e7\u00e3o<\/b>: Alessandra Marques<br \/><b>Aderecista<\/b>: V\u00e2nia Tosta<br \/><b>Pintura do aeroplano<\/b>: Ana Guerra<br \/><b>Atriz retratada na foto da Nana<\/b>: Rosalia Petrin<br \/><b>Narra\u00e7\u00e3o em off<\/b>: Isadora Petrin e Paulo Ivo<br \/><b>Fotografia<\/b>: Jo\u00e3o Caldas<br \/><b>Dire\u00e7\u00e3o de produ\u00e7\u00e3o<\/b>: Sonia Kavantan<br \/><b>Produ\u00e7\u00e3o<\/b>: Lilian Takara e Tiago Barizon<\/p><p><span style=\"font-weight: 600;\">Classifica\u00e7\u00e3o indicativa:<\/span>\u00a012 anos<br \/><span style=\"font-weight: 600;\">Dura\u00e7\u00e3o:<\/span>\u00a01h10<\/p>\t\t\t\t\t<\/div>\n\t\t\t\t\t\t<\/div>\n\t\t\t\t<\/div>\n\t\t\t\t\t\t<\/div>\n\t\t\t\t\t<\/div>\n\t\t<\/div>\n\t\t\t\t<div class=\"elementor-column elementor-col-50 elementor-inner-column elementor-element elementor-element-5e53c42\" data-id=\"5e53c42\" data-element_type=\"column\">\n\t\t\t<div class=\"elementor-column-wrap elementor-element-populated\">\n\t\t\t\t\t\t\t<div class=\"elementor-widget-wrap\">\n\t\t\t\t\t\t<div class=\"elementor-element elementor-element-0b9abeb elementor-widget elementor-widget-text-editor\" data-id=\"0b9abeb\" data-element_type=\"widget\" data-widget_type=\"text-editor.default\">\n\t\t\t\t<div class=\"elementor-widget-container\">\n\t\t\t\t\t\t\t\t<div class=\"elementor-text-editor elementor-clearfix\">\n\t\t\t\t<p><b>Links do espet\u00e1culo<\/b><\/p>\t\t\t\t\t<\/div>\n\t\t\t\t\t\t<\/div>\n\t\t\t\t<\/div>\n\t\t\t\t<div class=\"elementor-element elementor-element-1dba4d1 elementor-shape-rounded elementor-grid-0 e-grid-align-center elementor-widget elementor-widget-social-icons\" data-id=\"1dba4d1\" data-element_type=\"widget\" data-widget_type=\"social-icons.default\">\n\t\t\t\t<div class=\"elementor-widget-container\">\n\t\t\t\t\t<div class=\"elementor-social-icons-wrapper elementor-grid\">\n\t\t\t\t\t\t\t<span class=\"elementor-grid-item\">\n\t\t\t\t\t<a class=\"elementor-icon elementor-social-icon elementor-social-icon-facebook elementor-animation-grow elementor-repeater-item-37da41c\" href=\"https:\/\/www.facebook.com\/aeroplanosteatro\" target=\"_blank\">\n\t\t\t\t\t\t<span class=\"elementor-screen-only\">Facebook<\/span>\n\t\t\t\t\t\t<i class=\"fab fa-facebook\"><\/i>\t\t\t\t\t<\/a>\n\t\t\t\t<\/span>\n\t\t\t\t\t\t\t<span class=\"elementor-grid-item\">\n\t\t\t\t\t<a class=\"elementor-icon elementor-social-icon elementor-social-icon-instagram elementor-animation-grow elementor-repeater-item-09ca0e4\" target=\"_blank\">\n\t\t\t\t\t\t<span class=\"elementor-screen-only\">Instagram<\/span>\n\t\t\t\t\t\t<i class=\"fab fa-instagram\"><\/i>\t\t\t\t\t<\/a>\n\t\t\t\t<\/span>\n\t\t\t\t\t<\/div>\n\t\t\t\t<\/div>\n\t\t\t\t<\/div>\n\t\t\t\t\t\t<\/div>\n\t\t\t\t\t<\/div>\n\t\t<\/div>\n\t\t\t\t\t\t\t\t<\/div>\n\t\t\t\t\t<\/div>\n\t\t<\/section>\n\t\t\t\t\t\t<\/div>\n\t\t\t\t\t<\/div>\n\t\t<\/div>\n\t\t\t\t\t\t\t\t<\/div>\n\t\t\t\t\t<\/div>\n\t\t<\/section>\n\t\t\t\t\t\t<\/div>\n\t\t\t\t\t\t<\/div>\n\t\t\t\t\t<\/div>\n\t\t","protected":false},"excerpt":{"rendered":"<p>Aeroplanos Escrita pelo argentino Carlos Gorostiza, a com\u00e9dia tem dire\u00e7\u00e3o de Ednaldo [&hellip;]<\/p>\n","protected":false},"author":1,"featured_media":0,"parent":23,"menu_order":0,"comment_status":"closed","ping_status":"closed","template":"elementor_header_footer","meta":{"_monsterinsights_skip_tracking":false,"_monsterinsights_sitenote_active":false,"_monsterinsights_sitenote_note":"","_monsterinsights_sitenote_category":0,"spay_email":"","footnotes":""},"class_list":["post-862","page","type-page","status-publish","hentry"],"yoast_head":"<!-- This site is optimized with the Yoast SEO plugin v18.0 - https:\/\/yoast.com\/wordpress\/plugins\/seo\/ -->\n<title>Kavantan Projetos e Eventos Culturais &ndash; Aeroplanos<\/title>\n<meta name=\"description\" content=\"Com Antonio Petrin e Roberto Arduin no elenco e dire\u00e7\u00e3o de Ednaldo Freire, a com\u00e9dia prop\u00f5e ao espectador uma delicada e divertida reflex\u00e3o sobre a amizade.\" \/>\n<meta name=\"robots\" content=\"index, follow, max-snippet:-1, max-image-preview:large, max-video-preview:-1\" \/>\n<link rel=\"canonical\" href=\"https:\/\/kavantan.com.br\/2016\/projetos\/aeroplanos\/\" \/>\n<meta property=\"og:locale\" content=\"pt_BR\" \/>\n<meta property=\"og:type\" content=\"article\" \/>\n<meta property=\"og:title\" content=\"Kavantan Projetos e Eventos Culturais &ndash; Aeroplanos\" \/>\n<meta property=\"og:description\" content=\"Com Antonio Petrin e Roberto Arduin no elenco e dire\u00e7\u00e3o de Ednaldo Freire, a com\u00e9dia prop\u00f5e ao espectador uma delicada e divertida reflex\u00e3o sobre a amizade.\" \/>\n<meta property=\"og:url\" content=\"https:\/\/kavantan.com.br\/2016\/projetos\/aeroplanos\/\" \/>\n<meta property=\"og:site_name\" content=\"Kavantan Projetos e Eventos Culturais\" \/>\n<meta property=\"article:publisher\" content=\"https:\/\/www.facebook.com\/KavantanCultural\/\" \/>\n<meta property=\"article:modified_time\" content=\"2020-01-30T14:32:27+00:00\" \/>\n<meta property=\"og:image\" content=\"http:\/\/kavantan.com.br\/2016\/wp-content\/uploads\/2018\/05\/Foto-Joao-Caldas-F\u00ba_05111-press-e1525451495525.jpg\" \/>\n<meta name=\"twitter:card\" content=\"summary\" \/>\n<meta name=\"twitter:label1\" content=\"Est. tempo de leitura\" \/>\n\t<meta name=\"twitter:data1\" content=\"2 minutos\" \/>\n<script type=\"application\/ld+json\" class=\"yoast-schema-graph\">{\"@context\":\"https:\/\/schema.org\",\"@graph\":[{\"@type\":\"Organization\",\"@id\":\"https:\/\/kavantan.com.br\/2016\/#organization\",\"name\":\"Kavantan Projetos e Eventos Culturais\",\"url\":\"https:\/\/kavantan.com.br\/2016\/\",\"sameAs\":[\"https:\/\/www.facebook.com\/KavantanCultural\/\",\"http:\/\/instagram.com\/KavantanCultural\",\"https:\/\/www.youtube.com\/channel\/UCb9iwGfNUFnBax2SqznpQYA\"],\"logo\":{\"@type\":\"ImageObject\",\"@id\":\"https:\/\/kavantan.com.br\/2016\/#logo\",\"inLanguage\":\"pt-BR\",\"url\":\"https:\/\/kavantan.com.br\/2016\/wp-content\/uploads\/2016\/09\/Kavantan_319x100.jpg\",\"contentUrl\":\"https:\/\/kavantan.com.br\/2016\/wp-content\/uploads\/2016\/09\/Kavantan_319x100.jpg\",\"width\":319,\"height\":100,\"caption\":\"Kavantan Projetos e Eventos Culturais\"},\"image\":{\"@id\":\"https:\/\/kavantan.com.br\/2016\/#logo\"}},{\"@type\":\"WebSite\",\"@id\":\"https:\/\/kavantan.com.br\/2016\/#website\",\"url\":\"https:\/\/kavantan.com.br\/2016\/\",\"name\":\"Kavantan Projetos e Eventos Culturais\",\"description\":\"\",\"publisher\":{\"@id\":\"https:\/\/kavantan.com.br\/2016\/#organization\"},\"potentialAction\":[{\"@type\":\"SearchAction\",\"target\":{\"@type\":\"EntryPoint\",\"urlTemplate\":\"https:\/\/kavantan.com.br\/2016\/?s={search_term_string}\"},\"query-input\":\"required name=search_term_string\"}],\"inLanguage\":\"pt-BR\"},{\"@type\":\"ImageObject\",\"@id\":\"https:\/\/kavantan.com.br\/2016\/projetos\/aeroplanos\/#primaryimage\",\"inLanguage\":\"pt-BR\",\"url\":\"http:\/\/kavantan.com.br\/2016\/wp-content\/uploads\/2018\/05\/Foto-Joao-Caldas-F\u00ba_05111-press-e1525451495525.jpg\",\"contentUrl\":\"http:\/\/kavantan.com.br\/2016\/wp-content\/uploads\/2018\/05\/Foto-Joao-Caldas-F\u00ba_05111-press-e1525451495525.jpg\"},{\"@type\":\"WebPage\",\"@id\":\"https:\/\/kavantan.com.br\/2016\/projetos\/aeroplanos\/#webpage\",\"url\":\"https:\/\/kavantan.com.br\/2016\/projetos\/aeroplanos\/\",\"name\":\"Kavantan Projetos e Eventos Culturais &ndash; Aeroplanos\",\"isPartOf\":{\"@id\":\"https:\/\/kavantan.com.br\/2016\/#website\"},\"primaryImageOfPage\":{\"@id\":\"https:\/\/kavantan.com.br\/2016\/projetos\/aeroplanos\/#primaryimage\"},\"datePublished\":\"2018-05-04T16:40:38+00:00\",\"dateModified\":\"2020-01-30T14:32:27+00:00\",\"description\":\"Com Antonio Petrin e Roberto Arduin no elenco e dire\u00e7\u00e3o de Ednaldo Freire, a com\u00e9dia prop\u00f5e ao espectador uma delicada e divertida reflex\u00e3o sobre a amizade.\",\"breadcrumb\":{\"@id\":\"https:\/\/kavantan.com.br\/2016\/projetos\/aeroplanos\/#breadcrumb\"},\"inLanguage\":\"pt-BR\",\"potentialAction\":[{\"@type\":\"ReadAction\",\"target\":[\"https:\/\/kavantan.com.br\/2016\/projetos\/aeroplanos\/\"]}]},{\"@type\":\"BreadcrumbList\",\"@id\":\"https:\/\/kavantan.com.br\/2016\/projetos\/aeroplanos\/#breadcrumb\",\"itemListElement\":[{\"@type\":\"ListItem\",\"position\":1,\"name\":\"In\u00edcio\",\"item\":\"https:\/\/kavantan.com.br\/2016\/\"},{\"@type\":\"ListItem\",\"position\":2,\"name\":\"Projetos\",\"item\":\"https:\/\/kavantan.com.br\/2016\/projetos\/\"},{\"@type\":\"ListItem\",\"position\":3,\"name\":\"Aeroplanos\"}]}]}<\/script>\n<!-- \/ Yoast SEO plugin. -->","yoast_head_json":{"title":"Kavantan Projetos e Eventos Culturais &ndash; Aeroplanos","description":"Com Antonio Petrin e Roberto Arduin no elenco e dire\u00e7\u00e3o de Ednaldo Freire, a com\u00e9dia prop\u00f5e ao espectador uma delicada e divertida reflex\u00e3o sobre a amizade.","robots":{"index":"index","follow":"follow","max-snippet":"max-snippet:-1","max-image-preview":"max-image-preview:large","max-video-preview":"max-video-preview:-1"},"canonical":"https:\/\/kavantan.com.br\/2016\/projetos\/aeroplanos\/","og_locale":"pt_BR","og_type":"article","og_title":"Kavantan Projetos e Eventos Culturais &ndash; Aeroplanos","og_description":"Com Antonio Petrin e Roberto Arduin no elenco e dire\u00e7\u00e3o de Ednaldo Freire, a com\u00e9dia prop\u00f5e ao espectador uma delicada e divertida reflex\u00e3o sobre a amizade.","og_url":"https:\/\/kavantan.com.br\/2016\/projetos\/aeroplanos\/","og_site_name":"Kavantan Projetos e Eventos Culturais","article_publisher":"https:\/\/www.facebook.com\/KavantanCultural\/","article_modified_time":"2020-01-30T14:32:27+00:00","og_image":[{"url":"http:\/\/kavantan.com.br\/2016\/wp-content\/uploads\/2018\/05\/Foto-Joao-Caldas-F\u00ba_05111-press-e1525451495525.jpg"}],"twitter_card":"summary","twitter_misc":{"Est. tempo de leitura":"2 minutos"},"schema":{"@context":"https:\/\/schema.org","@graph":[{"@type":"Organization","@id":"https:\/\/kavantan.com.br\/2016\/#organization","name":"Kavantan Projetos e Eventos Culturais","url":"https:\/\/kavantan.com.br\/2016\/","sameAs":["https:\/\/www.facebook.com\/KavantanCultural\/","http:\/\/instagram.com\/KavantanCultural","https:\/\/www.youtube.com\/channel\/UCb9iwGfNUFnBax2SqznpQYA"],"logo":{"@type":"ImageObject","@id":"https:\/\/kavantan.com.br\/2016\/#logo","inLanguage":"pt-BR","url":"https:\/\/kavantan.com.br\/2016\/wp-content\/uploads\/2016\/09\/Kavantan_319x100.jpg","contentUrl":"https:\/\/kavantan.com.br\/2016\/wp-content\/uploads\/2016\/09\/Kavantan_319x100.jpg","width":319,"height":100,"caption":"Kavantan Projetos e Eventos Culturais"},"image":{"@id":"https:\/\/kavantan.com.br\/2016\/#logo"}},{"@type":"WebSite","@id":"https:\/\/kavantan.com.br\/2016\/#website","url":"https:\/\/kavantan.com.br\/2016\/","name":"Kavantan Projetos e Eventos Culturais","description":"","publisher":{"@id":"https:\/\/kavantan.com.br\/2016\/#organization"},"potentialAction":[{"@type":"SearchAction","target":{"@type":"EntryPoint","urlTemplate":"https:\/\/kavantan.com.br\/2016\/?s={search_term_string}"},"query-input":"required name=search_term_string"}],"inLanguage":"pt-BR"},{"@type":"ImageObject","@id":"https:\/\/kavantan.com.br\/2016\/projetos\/aeroplanos\/#primaryimage","inLanguage":"pt-BR","url":"http:\/\/kavantan.com.br\/2016\/wp-content\/uploads\/2018\/05\/Foto-Joao-Caldas-F\u00ba_05111-press-e1525451495525.jpg","contentUrl":"http:\/\/kavantan.com.br\/2016\/wp-content\/uploads\/2018\/05\/Foto-Joao-Caldas-F\u00ba_05111-press-e1525451495525.jpg"},{"@type":"WebPage","@id":"https:\/\/kavantan.com.br\/2016\/projetos\/aeroplanos\/#webpage","url":"https:\/\/kavantan.com.br\/2016\/projetos\/aeroplanos\/","name":"Kavantan Projetos e Eventos Culturais &ndash; Aeroplanos","isPartOf":{"@id":"https:\/\/kavantan.com.br\/2016\/#website"},"primaryImageOfPage":{"@id":"https:\/\/kavantan.com.br\/2016\/projetos\/aeroplanos\/#primaryimage"},"datePublished":"2018-05-04T16:40:38+00:00","dateModified":"2020-01-30T14:32:27+00:00","description":"Com Antonio Petrin e Roberto Arduin no elenco e dire\u00e7\u00e3o de Ednaldo Freire, a com\u00e9dia prop\u00f5e ao espectador uma delicada e divertida reflex\u00e3o sobre a amizade.","breadcrumb":{"@id":"https:\/\/kavantan.com.br\/2016\/projetos\/aeroplanos\/#breadcrumb"},"inLanguage":"pt-BR","potentialAction":[{"@type":"ReadAction","target":["https:\/\/kavantan.com.br\/2016\/projetos\/aeroplanos\/"]}]},{"@type":"BreadcrumbList","@id":"https:\/\/kavantan.com.br\/2016\/projetos\/aeroplanos\/#breadcrumb","itemListElement":[{"@type":"ListItem","position":1,"name":"In\u00edcio","item":"https:\/\/kavantan.com.br\/2016\/"},{"@type":"ListItem","position":2,"name":"Projetos","item":"https:\/\/kavantan.com.br\/2016\/projetos\/"},{"@type":"ListItem","position":3,"name":"Aeroplanos"}]}]}},"_links":{"self":[{"href":"https:\/\/kavantan.com.br\/2016\/wp-json\/wp\/v2\/pages\/862","targetHints":{"allow":["GET"]}}],"collection":[{"href":"https:\/\/kavantan.com.br\/2016\/wp-json\/wp\/v2\/pages"}],"about":[{"href":"https:\/\/kavantan.com.br\/2016\/wp-json\/wp\/v2\/types\/page"}],"author":[{"embeddable":true,"href":"https:\/\/kavantan.com.br\/2016\/wp-json\/wp\/v2\/users\/1"}],"replies":[{"embeddable":true,"href":"https:\/\/kavantan.com.br\/2016\/wp-json\/wp\/v2\/comments?post=862"}],"version-history":[{"count":24,"href":"https:\/\/kavantan.com.br\/2016\/wp-json\/wp\/v2\/pages\/862\/revisions"}],"predecessor-version":[{"id":1095,"href":"https:\/\/kavantan.com.br\/2016\/wp-json\/wp\/v2\/pages\/862\/revisions\/1095"}],"up":[{"embeddable":true,"href":"https:\/\/kavantan.com.br\/2016\/wp-json\/wp\/v2\/pages\/23"}],"wp:attachment":[{"href":"https:\/\/kavantan.com.br\/2016\/wp-json\/wp\/v2\/media?parent=862"}],"curies":[{"name":"wp","href":"https:\/\/api.w.org\/{rel}","templated":true}]}}