
{"id":830,"date":"2018-05-04T13:12:29","date_gmt":"2018-05-04T16:12:29","guid":{"rendered":"http:\/\/kavantan.com.br\/2016\/?page_id=830"},"modified":"2020-06-30T17:18:09","modified_gmt":"2020-06-30T20:18:09","slug":"palavra-de-stela","status":"publish","type":"page","link":"https:\/\/kavantan.com.br\/2016\/projetos\/palavra-de-stela\/","title":{"rendered":"Palavra de Stela"},"content":{"rendered":"\t\t<div data-elementor-type=\"wp-page\" data-elementor-id=\"830\" class=\"elementor elementor-830\" data-elementor-settings=\"[]\">\n\t\t\t\t\t\t<div class=\"elementor-inner\">\n\t\t\t\t\t\t\t<div class=\"elementor-section-wrap\">\n\t\t\t\t\t\t\t<section class=\"elementor-section elementor-top-section elementor-element elementor-element-765c3a89 elementor-section-boxed elementor-section-height-default elementor-section-height-default\" data-id=\"765c3a89\" data-element_type=\"section\">\n\t\t\t\t\t\t<div class=\"elementor-container elementor-column-gap-default\">\n\t\t\t\t\t\t\t<div class=\"elementor-row\">\n\t\t\t\t\t<div class=\"elementor-column elementor-col-100 elementor-top-column elementor-element elementor-element-fddc9a9\" data-id=\"fddc9a9\" data-element_type=\"column\">\n\t\t\t<div class=\"elementor-column-wrap elementor-element-populated\">\n\t\t\t\t\t\t\t<div class=\"elementor-widget-wrap\">\n\t\t\t\t\t\t<div class=\"elementor-element elementor-element-ee74e65 elementor-widget elementor-widget-heading\" data-id=\"ee74e65\" data-element_type=\"widget\" data-widget_type=\"heading.default\">\n\t\t\t\t<div class=\"elementor-widget-container\">\n\t\t\t<h2 class=\"elementor-heading-title elementor-size-default\">Palavra de Stela<\/h2>\t\t<\/div>\n\t\t\t\t<\/div>\n\t\t\t\t<div class=\"elementor-element elementor-element-2349d86 elementor-widget elementor-widget-image\" data-id=\"2349d86\" data-element_type=\"widget\" data-widget_type=\"image.default\">\n\t\t\t\t<div class=\"elementor-widget-container\">\n\t\t\t\t\t\t\t\t<div class=\"elementor-image\">\n\t\t\t\t\t\t\t\t\t\t\t\t<img loading=\"lazy\" decoding=\"async\" width=\"1400\" height=\"500\" src=\"https:\/\/kavantan.com.br\/2016\/wp-content\/uploads\/2020\/01\/palavra_topo.jpg\" class=\"attachment-full size-full\" alt=\"\" srcset=\"https:\/\/kavantan.com.br\/2016\/wp-content\/uploads\/2020\/01\/palavra_topo.jpg 1400w, https:\/\/kavantan.com.br\/2016\/wp-content\/uploads\/2020\/01\/palavra_topo-300x107.jpg 300w, https:\/\/kavantan.com.br\/2016\/wp-content\/uploads\/2020\/01\/palavra_topo-768x274.jpg 768w, https:\/\/kavantan.com.br\/2016\/wp-content\/uploads\/2020\/01\/palavra_topo-1024x366.jpg 1024w, https:\/\/kavantan.com.br\/2016\/wp-content\/uploads\/2020\/01\/palavra_topo-830x296.jpg 830w, https:\/\/kavantan.com.br\/2016\/wp-content\/uploads\/2020\/01\/palavra_topo-230x82.jpg 230w, https:\/\/kavantan.com.br\/2016\/wp-content\/uploads\/2020\/01\/palavra_topo-350x125.jpg 350w, https:\/\/kavantan.com.br\/2016\/wp-content\/uploads\/2020\/01\/palavra_topo-480x171.jpg 480w\" sizes=\"auto, (max-width: 1400px) 100vw, 1400px\" \/>\t\t\t\t\t\t\t\t\t\t\t\t\t\t<\/div>\n\t\t\t\t\t\t<\/div>\n\t\t\t\t<\/div>\n\t\t\t\t<div class=\"elementor-element elementor-element-5c418bf2 elementor-widget elementor-widget-text-editor\" data-id=\"5c418bf2\" data-element_type=\"widget\" data-widget_type=\"text-editor.default\">\n\t\t\t\t<div class=\"elementor-widget-container\">\n\t\t\t\t\t\t\t\t<div class=\"elementor-text-editor elementor-clearfix\">\n\t\t\t\t<p>Nascida em 1941, Stela do Patroc\u00ednio foi internada no Centro Psiqui\u00e1trico Pedro II aos 21 anos, quando diagnosticada como psicopata e esquizofr\u00eanica. Quatro anos depois, foi transferida para a Col\u00f4nia Juliano Moreira, em Jacarepagu\u00e1, onde permaneceu at\u00e9 sua morte em 1992. Durante seus anos de isolamento, Stela desenvolveu um discurso po\u00e9tico. Seu \u201cfalat\u00f3rio\u201d, carregado de ang\u00fastias, retrata a rotina manicomial e, sobretudo, revela sua vis\u00e3o da vida, do mundo e de si mesma.<\/p><p>Palavra de Stela \u00e9 de um espet\u00e1culo solo interpretado por Cleide Queiroz com dire\u00e7\u00e3o e dramaturgia\u00a0de Elias Andreato. No espet\u00e1culo a personagem narra sua trajet\u00f3ria, exp\u00f5e seu cotidiano e revela seu olhar de perplexidade diante da vida e dos seres humanos.<\/p><p>Elias Andreato escreveu o texto especialmente para Cleide Queiroz. Com 50 anos de carreira em teatro, cinema e televis\u00e3o, a atriz traz uma rela\u00e7\u00e3o muito pessoal com a tem\u00e1tica proposta, pois \u00e9 uma mulher negra que durante sua adolesc\u00eancia conviveu com a interna\u00e7\u00e3o de sua m\u00e3e esquizofr\u00eanica.<\/p><p>A cria\u00e7\u00e3o do espet\u00e1culo tomou por base o registro em \u00e1udio da obra de Stela do Patroc\u00ednio realizado na d\u00e9cada de 1980 pelas artistas pl\u00e1sticas Neli Gutmacher e Carla Guagliardi, posteriormente, transcrito e organizado por Viviane Mos\u00e9 no livro <em>Reino dos bichos e dos animais \u00e9 o meu nome.<\/em><\/p>\t\t\t\t\t<\/div>\n\t\t\t\t\t\t<\/div>\n\t\t\t\t<\/div>\n\t\t\t\t<div class=\"elementor-element elementor-element-1000be6 elementor-widget elementor-widget-text-editor\" data-id=\"1000be6\" data-element_type=\"widget\" data-widget_type=\"text-editor.default\">\n\t\t\t\t<div class=\"elementor-widget-container\">\n\t\t\t\t\t\t\t\t<div class=\"elementor-text-editor elementor-clearfix\">\n\t\t\t\t<p><b>Fotos do espet\u00e1culo<\/b><\/p>\t\t\t\t\t<\/div>\n\t\t\t\t\t\t<\/div>\n\t\t\t\t<\/div>\n\t\t\t\t<div class=\"elementor-element elementor-element-7460d04 elementor-widget elementor-widget-image-gallery\" data-id=\"7460d04\" data-element_type=\"widget\" data-widget_type=\"image-gallery.default\">\n\t\t\t\t<div class=\"elementor-widget-container\">\n\t\t\t\t\t<div class=\"elementor-image-gallery\">\n\t\t\t<!-- Rendered by FancyBox without labels BEGIN -->\n\n\t<style type=\"text\/css\">\n\t\t\t\t\t#gallery-0 {\n\t\t\t\t\t\tmargin: auto;\n\t\t\t\t\t}\n\t\t\t\t\t#gallery-0 .gallery-item {\n\t\t\t\t\t\tfloat: left;\n\t\t\t\t\t\tmargin-top: 10px;\n\t\t\t\t\t\ttext-align: center;\n\t\t\t\t\t\twidth: 24%;\n\t\t\t\t\t}\n\t\t\t\t\t#gallery-0 img {\n\t\t\t\t\t\tborder: 2px solid #cfcfcf;\n\t\t\t\t\t}\n\t\t\t\t\t#gallery-0 .gallery-caption {\n\t\t\t\t\t\tmargin-left: 0;\n\t\t\t\t\t}\n\t<\/style>\n<script type=\"text\/javascript\">\n$(document).ready(function() {\n\t\/*\n\t *  Simple image gallery. Uses default settings\n\t *\/\n\n\t$(\".fancybox\").fancybox({\n\t\t\"transitionIn\"\t\t: \"none\",\n\t\t\"transitionOut\"\t\t: \"none\",\n\t\t\"titlePosition\" \t: \"over\"\n\n\t});\n});\n<\/script>\n\n\t<div id=\"gallery-0\" class=\"gallery galleryid-0 gallery-size-thumbnail\" style=\"\"><dl class=\"gallery-item\"><dt class=\"gallery-icon\">\n\t\t<a class=\"fancybox\" href=\"https:\/\/kavantan.com.br\/2016\/wp-content\/uploads\/2020\/01\/Foto-Joao-Caldas-F\u00ba_338891-1024x683.jpg\" rel=\"gallery-0\"><img loading=\"lazy\" decoding=\"async\" width=\"150\" height=\"150\" class=\"attachment-thumbnail\" alt=\"\u00a9 Joao Caldas F\u00ba\" src=\"https:\/\/kavantan.com.br\/2016\/wp-content\/uploads\/2020\/01\/Foto-Joao-Caldas-F\u00ba_338891-150x150.jpg\" \/><\/a><\/dt><\/dl>\n\n<dl class=\"gallery-item\"><dt class=\"gallery-icon\">\n\t\t<a class=\"fancybox\" href=\"https:\/\/kavantan.com.br\/2016\/wp-content\/uploads\/2018\/05\/Foto-Joao-Caldas-F\u00ba_338944-1024x576.jpg\" rel=\"gallery-0\"><img loading=\"lazy\" decoding=\"async\" width=\"150\" height=\"150\" class=\"attachment-thumbnail\" alt=\"\u00a9 Joao Caldas F\u00ba\" src=\"https:\/\/kavantan.com.br\/2016\/wp-content\/uploads\/2018\/05\/Foto-Joao-Caldas-F\u00ba_338944-150x150.jpg\" \/><\/a><\/dt><\/dl>\n\n<dl class=\"gallery-item\"><dt class=\"gallery-icon\">\n\t\t<a class=\"fancybox\" href=\"https:\/\/kavantan.com.br\/2016\/wp-content\/uploads\/2018\/05\/Foto-Joao-Caldas-F\u00ba_326318press.jpg\" rel=\"gallery-0\"><img loading=\"lazy\" decoding=\"async\" width=\"150\" height=\"122\" class=\"attachment-thumbnail\" alt=\"\" src=\"https:\/\/kavantan.com.br\/2016\/wp-content\/uploads\/2018\/05\/Foto-Joao-Caldas-F\u00ba_326318press.jpg\" \/><\/a><\/dt><\/dl>\n\n<dl class=\"gallery-item\"><dt class=\"gallery-icon\">\n\t\t<a class=\"fancybox\" href=\"https:\/\/kavantan.com.br\/2016\/wp-content\/uploads\/2018\/05\/Foto-Joao-Caldas-F\u00ba_338857-683x1024.jpg\" rel=\"gallery-0\"><img loading=\"lazy\" decoding=\"async\" width=\"150\" height=\"150\" class=\"attachment-thumbnail\" alt=\"\u00a9 Joao Caldas F\u00ba\" src=\"https:\/\/kavantan.com.br\/2016\/wp-content\/uploads\/2018\/05\/Foto-Joao-Caldas-F\u00ba_338857-150x150.jpg\" \/><\/a><\/dt><\/dl>\n\n<dl class=\"gallery-item\"><dt class=\"gallery-icon\">\n\t\t<a class=\"fancybox\" href=\"https:\/\/kavantan.com.br\/2016\/wp-content\/uploads\/2018\/05\/Foto-Joao-Caldas-F\u00ba_326631press-1024x707.jpg\" rel=\"gallery-0\"><img loading=\"lazy\" decoding=\"async\" width=\"150\" height=\"150\" class=\"attachment-thumbnail\" alt=\"\" src=\"https:\/\/kavantan.com.br\/2016\/wp-content\/uploads\/2018\/05\/Foto-Joao-Caldas-F\u00ba_326631press-150x150.jpg\" \/><\/a><\/dt><\/dl>\n\n<dl class=\"gallery-item\"><dt class=\"gallery-icon\">\n\t\t<a class=\"fancybox\" href=\"https:\/\/kavantan.com.br\/2016\/wp-content\/uploads\/2018\/05\/Foto-Joao-Caldas-F\u00ba_326646press-930x1024.jpg\" rel=\"gallery-0\"><img loading=\"lazy\" decoding=\"async\" width=\"150\" height=\"150\" class=\"attachment-thumbnail\" alt=\"\" src=\"https:\/\/kavantan.com.br\/2016\/wp-content\/uploads\/2018\/05\/Foto-Joao-Caldas-F\u00ba_326646press-150x150.jpg\" \/><\/a><\/dt><\/dl>\n\n<dl class=\"gallery-item\"><dt class=\"gallery-icon\">\n\t\t<a class=\"fancybox\" href=\"https:\/\/kavantan.com.br\/2016\/wp-content\/uploads\/2018\/05\/Foto-Joao-Caldas-F\u00ba_326510press-1-1024x745.jpg\" rel=\"gallery-0\"><img loading=\"lazy\" decoding=\"async\" width=\"150\" height=\"150\" class=\"attachment-thumbnail\" alt=\"\u00a9 Joao Caldas F\u00ba\" src=\"https:\/\/kavantan.com.br\/2016\/wp-content\/uploads\/2018\/05\/Foto-Joao-Caldas-F\u00ba_326510press-1-150x150.jpg\" \/><\/a><\/dt><\/dl>\n\n<dl class=\"gallery-item\"><dt class=\"gallery-icon\">\n\t\t<a class=\"fancybox\" href=\"https:\/\/kavantan.com.br\/2016\/wp-content\/uploads\/2016\/11\/Palavra-de-Stela-708x1024.jpg\" rel=\"gallery-0\"><img loading=\"lazy\" decoding=\"async\" width=\"150\" height=\"150\" class=\"attachment-thumbnail\" alt=\"\" src=\"https:\/\/kavantan.com.br\/2016\/wp-content\/uploads\/2016\/11\/Palavra-de-Stela-150x150.jpg\" \/><\/a><\/dt><\/dl>\n\n<\/div><br clear=\"all\" \/><!-- Rendered by FancyBox without labels END -->\n\t\t<\/div>\n\t\t\t\t<\/div>\n\t\t\t\t<\/div>\n\t\t\t\t<div class=\"elementor-element elementor-element-8da5723 elementor-widget elementor-widget-spacer\" data-id=\"8da5723\" data-element_type=\"widget\" data-widget_type=\"spacer.default\">\n\t\t\t\t<div class=\"elementor-widget-container\">\n\t\t\t\t\t<div class=\"elementor-spacer\">\n\t\t\t<div class=\"elementor-spacer-inner\"><\/div>\n\t\t<\/div>\n\t\t\t\t<\/div>\n\t\t\t\t<\/div>\n\t\t\t\t<div class=\"elementor-element elementor-element-13dc287 elementor-widget elementor-widget-text-editor\" data-id=\"13dc287\" data-element_type=\"widget\" data-widget_type=\"text-editor.default\">\n\t\t\t\t<div class=\"elementor-widget-container\">\n\t\t\t\t\t\t\t\t<div class=\"elementor-text-editor elementor-clearfix\">\n\t\t\t\t<p><b>Teaser do espet\u00e1culo<\/b><\/p>\t\t\t\t\t<\/div>\n\t\t\t\t\t\t<\/div>\n\t\t\t\t<\/div>\n\t\t\t\t<div class=\"elementor-element elementor-element-8639fbc elementor-aspect-ratio-169 elementor-widget elementor-widget-video\" data-id=\"8639fbc\" data-element_type=\"widget\" data-settings=\"{&quot;youtube_url&quot;:&quot;https:\\\/\\\/youtu.be\\\/cSAcSukJer8&quot;,&quot;video_type&quot;:&quot;youtube&quot;,&quot;controls&quot;:&quot;yes&quot;,&quot;aspect_ratio&quot;:&quot;169&quot;}\" data-widget_type=\"video.default\">\n\t\t\t\t<div class=\"elementor-widget-container\">\n\t\t\t\t\t<div class=\"elementor-wrapper elementor-fit-aspect-ratio elementor-open-inline\">\n\t\t\t<div class=\"elementor-video\"><\/div>\t\t<\/div>\n\t\t\t\t<\/div>\n\t\t\t\t<\/div>\n\t\t\t\t<div class=\"elementor-element elementor-element-869dc0f elementor-widget elementor-widget-text-editor\" data-id=\"869dc0f\" data-element_type=\"widget\" data-widget_type=\"text-editor.default\">\n\t\t\t\t<div class=\"elementor-widget-container\">\n\t\t\t\t\t\t\t\t<div class=\"elementor-text-editor elementor-clearfix\">\n\t\t\t\t<p><b>Espet\u00e1culo na \u00edntegra<\/b><\/p>\t\t\t\t\t<\/div>\n\t\t\t\t\t\t<\/div>\n\t\t\t\t<\/div>\n\t\t\t\t<div class=\"elementor-element elementor-element-2280b7e elementor-aspect-ratio-169 elementor-widget elementor-widget-video\" data-id=\"2280b7e\" data-element_type=\"widget\" data-settings=\"{&quot;youtube_url&quot;:&quot;https:\\\/\\\/www.youtube.com\\\/watch?v=pSCjAXRqsw4&quot;,&quot;video_type&quot;:&quot;youtube&quot;,&quot;controls&quot;:&quot;yes&quot;,&quot;aspect_ratio&quot;:&quot;169&quot;}\" data-widget_type=\"video.default\">\n\t\t\t\t<div class=\"elementor-widget-container\">\n\t\t\t\t\t<div class=\"elementor-wrapper elementor-fit-aspect-ratio elementor-open-inline\">\n\t\t\t<div class=\"elementor-video\"><\/div>\t\t<\/div>\n\t\t\t\t<\/div>\n\t\t\t\t<\/div>\n\t\t\t\t<section class=\"elementor-section elementor-inner-section elementor-element elementor-element-e96757c elementor-section-boxed elementor-section-height-default elementor-section-height-default\" data-id=\"e96757c\" data-element_type=\"section\">\n\t\t\t\t\t\t<div class=\"elementor-container elementor-column-gap-default\">\n\t\t\t\t\t\t\t<div class=\"elementor-row\">\n\t\t\t\t\t<div class=\"elementor-column elementor-col-50 elementor-inner-column elementor-element elementor-element-4fbf665\" data-id=\"4fbf665\" data-element_type=\"column\">\n\t\t\t<div class=\"elementor-column-wrap elementor-element-populated\">\n\t\t\t\t\t\t\t<div class=\"elementor-widget-wrap\">\n\t\t\t\t\t\t<div class=\"elementor-element elementor-element-0a505ef elementor-widget elementor-widget-text-editor\" data-id=\"0a505ef\" data-element_type=\"widget\" data-widget_type=\"text-editor.default\">\n\t\t\t\t<div class=\"elementor-widget-container\">\n\t\t\t\t\t\t\t\t<div class=\"elementor-text-editor elementor-clearfix\">\n\t\t\t\t<h6><span style=\"font-weight: 600;\">Ficha T\u00e9cnica:<\/span><\/h6><p><b>Texto<\/b>: Stela do Patroc\u00ednio<br \/><b>Adapta\u00e7\u00e3o e dire\u00e7\u00e3o<\/b>: Elias Andreato<br \/><b>Elenco<\/b>: Cleide Queiroz<br \/><b>Prepara\u00e7\u00e3o vocal e assist\u00eancia de dire\u00e7\u00e3o<\/b>: Raphael Gama<br \/><b>Desenho de movimento<\/b>: Roberto Alencar<br \/><b>M\u00fasica original e arranjos<\/b>:\u00a0Jonatan Harold<br \/><b>Canto em Latim e Afric\u00e2ner<\/b>:\u00a0Raphael Gama<br \/><b>Cenografia e figurino<\/b>: Mira Haar<br \/><b>Costureira<\/b>: Judite de Lima<br \/><b>Aderecista<\/b>: Carlos Rebecca<br \/><b>Pintura art\u00edstica<\/b>: Cesar Rezende (Basquiat)<br \/><b>Desenho de luz<\/b>:\u00a0Elias Andreato<br \/><b>Fotografia<\/b>: Jo\u00e3o Caldas F.<br \/><b>Coordena\u00e7\u00e3o do projeto<\/b>: Carlos Moreno<br \/><b>Dire\u00e7\u00e3o de produ\u00e7\u00e3o<\/b>: Sonia Kavantan<br \/><b>Produ\u00e7\u00e3o<\/b>: Lilian Takara e Tiago Barizon<\/p><p><span style=\"font-weight: 600;\">Classifica\u00e7\u00e3o indicativa:<\/span>\u00a014 anos<br \/><span style=\"font-weight: 600;\">Dura\u00e7\u00e3o:<\/span>\u00a01h<\/p>\t\t\t\t\t<\/div>\n\t\t\t\t\t\t<\/div>\n\t\t\t\t<\/div>\n\t\t\t\t\t\t<\/div>\n\t\t\t\t\t<\/div>\n\t\t<\/div>\n\t\t\t\t<div class=\"elementor-column elementor-col-50 elementor-inner-column elementor-element elementor-element-3ba85f3\" data-id=\"3ba85f3\" data-element_type=\"column\">\n\t\t\t<div class=\"elementor-column-wrap elementor-element-populated\">\n\t\t\t\t\t\t\t<div class=\"elementor-widget-wrap\">\n\t\t\t\t\t\t<div class=\"elementor-element elementor-element-7d64bc9 elementor-widget elementor-widget-text-editor\" data-id=\"7d64bc9\" data-element_type=\"widget\" data-widget_type=\"text-editor.default\">\n\t\t\t\t<div class=\"elementor-widget-container\">\n\t\t\t\t\t\t\t\t<div class=\"elementor-text-editor elementor-clearfix\">\n\t\t\t\t<p><b>Links do espet\u00e1culo<\/b><\/p>\t\t\t\t\t<\/div>\n\t\t\t\t\t\t<\/div>\n\t\t\t\t<\/div>\n\t\t\t\t<div class=\"elementor-element elementor-element-44bbce6 elementor-shape-rounded elementor-grid-0 e-grid-align-center elementor-widget elementor-widget-social-icons\" data-id=\"44bbce6\" data-element_type=\"widget\" data-widget_type=\"social-icons.default\">\n\t\t\t\t<div class=\"elementor-widget-container\">\n\t\t\t\t\t<div class=\"elementor-social-icons-wrapper elementor-grid\">\n\t\t\t\t\t\t\t<span class=\"elementor-grid-item\">\n\t\t\t\t\t<a class=\"elementor-icon elementor-social-icon elementor-social-icon-facebook elementor-repeater-item-db0aa5c\" href=\"https:\/\/facebook.com\/palavradestela\" target=\"_blank\">\n\t\t\t\t\t\t<span class=\"elementor-screen-only\">Facebook<\/span>\n\t\t\t\t\t\t<i class=\"fab fa-facebook\"><\/i>\t\t\t\t\t<\/a>\n\t\t\t\t<\/span>\n\t\t\t\t\t\t\t<span class=\"elementor-grid-item\">\n\t\t\t\t\t<a class=\"elementor-icon elementor-social-icon elementor-social-icon-instagram elementor-repeater-item-587b7f8\" href=\"https:\/\/instagram.com\/palavradestela\" target=\"_blank\">\n\t\t\t\t\t\t<span class=\"elementor-screen-only\">Instagram<\/span>\n\t\t\t\t\t\t<i class=\"fab fa-instagram\"><\/i>\t\t\t\t\t<\/a>\n\t\t\t\t<\/span>\n\t\t\t\t\t<\/div>\n\t\t\t\t<\/div>\n\t\t\t\t<\/div>\n\t\t\t\t\t\t<\/div>\n\t\t\t\t\t<\/div>\n\t\t<\/div>\n\t\t\t\t\t\t\t\t<\/div>\n\t\t\t\t\t<\/div>\n\t\t<\/section>\n\t\t\t\t\t\t<\/div>\n\t\t\t\t\t<\/div>\n\t\t<\/div>\n\t\t\t\t\t\t\t\t<\/div>\n\t\t\t\t\t<\/div>\n\t\t<\/section>\n\t\t\t\t\t\t<\/div>\n\t\t\t\t\t\t<\/div>\n\t\t\t\t\t<\/div>\n\t\t","protected":false},"excerpt":{"rendered":"<p>Palavra de Stela Nascida em 1941, Stela do Patroc\u00ednio foi internada no [&hellip;]<\/p>\n","protected":false},"author":1,"featured_media":834,"parent":23,"menu_order":0,"comment_status":"closed","ping_status":"closed","template":"elementor_header_footer","meta":{"_monsterinsights_skip_tracking":false,"_monsterinsights_sitenote_active":false,"_monsterinsights_sitenote_note":"","_monsterinsights_sitenote_category":0,"spay_email":"","footnotes":""},"class_list":["post-830","page","type-page","status-publish","has-post-thumbnail","hentry"],"yoast_head":"<!-- This site is optimized with the Yoast SEO plugin v18.0 - https:\/\/yoast.com\/wordpress\/plugins\/seo\/ -->\n<title>Kavantan Projetos e Eventos Culturais &ndash; Palavra de Stela<\/title>\n<meta name=\"description\" content=\"Mon\u00f3logo estreado por Cleide Queiroz e dirigido por Elias Andreato, livremente baseado na vida e obra da poetisa brasileira Stela do Patroc\u00ednio\" \/>\n<meta name=\"robots\" content=\"index, follow, max-snippet:-1, max-image-preview:large, max-video-preview:-1\" \/>\n<link rel=\"canonical\" href=\"https:\/\/kavantan.com.br\/2016\/projetos\/palavra-de-stela\/\" \/>\n<meta property=\"og:locale\" content=\"pt_BR\" \/>\n<meta property=\"og:type\" content=\"article\" \/>\n<meta property=\"og:title\" content=\"Kavantan Projetos e Eventos Culturais &ndash; Palavra de Stela\" \/>\n<meta property=\"og:description\" content=\"Mon\u00f3logo estreado por Cleide Queiroz e dirigido por Elias Andreato, livremente baseado na vida e obra da poetisa brasileira Stela do Patroc\u00ednio\" \/>\n<meta property=\"og:url\" content=\"https:\/\/kavantan.com.br\/2016\/projetos\/palavra-de-stela\/\" \/>\n<meta property=\"og:site_name\" content=\"Kavantan Projetos e Eventos Culturais\" \/>\n<meta property=\"article:publisher\" content=\"https:\/\/www.facebook.com\/KavantanCultural\/\" \/>\n<meta property=\"article:modified_time\" content=\"2020-06-30T20:18:09+00:00\" \/>\n<meta property=\"og:image\" content=\"https:\/\/kavantan.com.br\/2016\/wp-content\/uploads\/2018\/05\/Foto-Joao-Caldas-F\u00ba_326646press.jpg\" \/>\n\t<meta property=\"og:image:width\" content=\"2145\" \/>\n\t<meta property=\"og:image:height\" content=\"2362\" \/>\n\t<meta property=\"og:image:type\" content=\"image\/jpeg\" \/>\n<meta name=\"twitter:card\" content=\"summary\" \/>\n<meta name=\"twitter:label1\" content=\"Est. tempo de leitura\" \/>\n\t<meta name=\"twitter:data1\" content=\"2 minutos\" \/>\n<script type=\"application\/ld+json\" class=\"yoast-schema-graph\">{\"@context\":\"https:\/\/schema.org\",\"@graph\":[{\"@type\":\"Organization\",\"@id\":\"https:\/\/kavantan.com.br\/2016\/#organization\",\"name\":\"Kavantan Projetos e Eventos Culturais\",\"url\":\"https:\/\/kavantan.com.br\/2016\/\",\"sameAs\":[\"https:\/\/www.facebook.com\/KavantanCultural\/\",\"http:\/\/instagram.com\/KavantanCultural\",\"https:\/\/www.youtube.com\/channel\/UCb9iwGfNUFnBax2SqznpQYA\"],\"logo\":{\"@type\":\"ImageObject\",\"@id\":\"https:\/\/kavantan.com.br\/2016\/#logo\",\"inLanguage\":\"pt-BR\",\"url\":\"https:\/\/kavantan.com.br\/2016\/wp-content\/uploads\/2016\/09\/Kavantan_319x100.jpg\",\"contentUrl\":\"https:\/\/kavantan.com.br\/2016\/wp-content\/uploads\/2016\/09\/Kavantan_319x100.jpg\",\"width\":319,\"height\":100,\"caption\":\"Kavantan Projetos e Eventos Culturais\"},\"image\":{\"@id\":\"https:\/\/kavantan.com.br\/2016\/#logo\"}},{\"@type\":\"WebSite\",\"@id\":\"https:\/\/kavantan.com.br\/2016\/#website\",\"url\":\"https:\/\/kavantan.com.br\/2016\/\",\"name\":\"Kavantan Projetos e Eventos Culturais\",\"description\":\"\",\"publisher\":{\"@id\":\"https:\/\/kavantan.com.br\/2016\/#organization\"},\"potentialAction\":[{\"@type\":\"SearchAction\",\"target\":{\"@type\":\"EntryPoint\",\"urlTemplate\":\"https:\/\/kavantan.com.br\/2016\/?s={search_term_string}\"},\"query-input\":\"required name=search_term_string\"}],\"inLanguage\":\"pt-BR\"},{\"@type\":\"ImageObject\",\"@id\":\"https:\/\/kavantan.com.br\/2016\/projetos\/palavra-de-stela\/#primaryimage\",\"inLanguage\":\"pt-BR\",\"url\":\"https:\/\/kavantan.com.br\/2016\/wp-content\/uploads\/2018\/05\/Foto-Joao-Caldas-F\u00ba_326646press.jpg\",\"contentUrl\":\"https:\/\/kavantan.com.br\/2016\/wp-content\/uploads\/2018\/05\/Foto-Joao-Caldas-F\u00ba_326646press.jpg\",\"width\":2145,\"height\":2362},{\"@type\":\"WebPage\",\"@id\":\"https:\/\/kavantan.com.br\/2016\/projetos\/palavra-de-stela\/#webpage\",\"url\":\"https:\/\/kavantan.com.br\/2016\/projetos\/palavra-de-stela\/\",\"name\":\"Kavantan Projetos e Eventos Culturais &ndash; Palavra de Stela\",\"isPartOf\":{\"@id\":\"https:\/\/kavantan.com.br\/2016\/#website\"},\"primaryImageOfPage\":{\"@id\":\"https:\/\/kavantan.com.br\/2016\/projetos\/palavra-de-stela\/#primaryimage\"},\"datePublished\":\"2018-05-04T16:12:29+00:00\",\"dateModified\":\"2020-06-30T20:18:09+00:00\",\"description\":\"Mon\u00f3logo estreado por Cleide Queiroz e dirigido por Elias Andreato, livremente baseado na vida e obra da poetisa brasileira Stela do Patroc\u00ednio\",\"breadcrumb\":{\"@id\":\"https:\/\/kavantan.com.br\/2016\/projetos\/palavra-de-stela\/#breadcrumb\"},\"inLanguage\":\"pt-BR\",\"potentialAction\":[{\"@type\":\"ReadAction\",\"target\":[\"https:\/\/kavantan.com.br\/2016\/projetos\/palavra-de-stela\/\"]}]},{\"@type\":\"BreadcrumbList\",\"@id\":\"https:\/\/kavantan.com.br\/2016\/projetos\/palavra-de-stela\/#breadcrumb\",\"itemListElement\":[{\"@type\":\"ListItem\",\"position\":1,\"name\":\"In\u00edcio\",\"item\":\"https:\/\/kavantan.com.br\/2016\/\"},{\"@type\":\"ListItem\",\"position\":2,\"name\":\"Projetos\",\"item\":\"https:\/\/kavantan.com.br\/2016\/projetos\/\"},{\"@type\":\"ListItem\",\"position\":3,\"name\":\"Palavra de Stela\"}]}]}<\/script>\n<!-- \/ Yoast SEO plugin. -->","yoast_head_json":{"title":"Kavantan Projetos e Eventos Culturais &ndash; Palavra de Stela","description":"Mon\u00f3logo estreado por Cleide Queiroz e dirigido por Elias Andreato, livremente baseado na vida e obra da poetisa brasileira Stela do Patroc\u00ednio","robots":{"index":"index","follow":"follow","max-snippet":"max-snippet:-1","max-image-preview":"max-image-preview:large","max-video-preview":"max-video-preview:-1"},"canonical":"https:\/\/kavantan.com.br\/2016\/projetos\/palavra-de-stela\/","og_locale":"pt_BR","og_type":"article","og_title":"Kavantan Projetos e Eventos Culturais &ndash; Palavra de Stela","og_description":"Mon\u00f3logo estreado por Cleide Queiroz e dirigido por Elias Andreato, livremente baseado na vida e obra da poetisa brasileira Stela do Patroc\u00ednio","og_url":"https:\/\/kavantan.com.br\/2016\/projetos\/palavra-de-stela\/","og_site_name":"Kavantan Projetos e Eventos Culturais","article_publisher":"https:\/\/www.facebook.com\/KavantanCultural\/","article_modified_time":"2020-06-30T20:18:09+00:00","og_image":[{"width":2145,"height":2362,"url":"https:\/\/kavantan.com.br\/2016\/wp-content\/uploads\/2018\/05\/Foto-Joao-Caldas-F\u00ba_326646press.jpg","type":"image\/jpeg"}],"twitter_card":"summary","twitter_misc":{"Est. tempo de leitura":"2 minutos"},"schema":{"@context":"https:\/\/schema.org","@graph":[{"@type":"Organization","@id":"https:\/\/kavantan.com.br\/2016\/#organization","name":"Kavantan Projetos e Eventos Culturais","url":"https:\/\/kavantan.com.br\/2016\/","sameAs":["https:\/\/www.facebook.com\/KavantanCultural\/","http:\/\/instagram.com\/KavantanCultural","https:\/\/www.youtube.com\/channel\/UCb9iwGfNUFnBax2SqznpQYA"],"logo":{"@type":"ImageObject","@id":"https:\/\/kavantan.com.br\/2016\/#logo","inLanguage":"pt-BR","url":"https:\/\/kavantan.com.br\/2016\/wp-content\/uploads\/2016\/09\/Kavantan_319x100.jpg","contentUrl":"https:\/\/kavantan.com.br\/2016\/wp-content\/uploads\/2016\/09\/Kavantan_319x100.jpg","width":319,"height":100,"caption":"Kavantan Projetos e Eventos Culturais"},"image":{"@id":"https:\/\/kavantan.com.br\/2016\/#logo"}},{"@type":"WebSite","@id":"https:\/\/kavantan.com.br\/2016\/#website","url":"https:\/\/kavantan.com.br\/2016\/","name":"Kavantan Projetos e Eventos Culturais","description":"","publisher":{"@id":"https:\/\/kavantan.com.br\/2016\/#organization"},"potentialAction":[{"@type":"SearchAction","target":{"@type":"EntryPoint","urlTemplate":"https:\/\/kavantan.com.br\/2016\/?s={search_term_string}"},"query-input":"required name=search_term_string"}],"inLanguage":"pt-BR"},{"@type":"ImageObject","@id":"https:\/\/kavantan.com.br\/2016\/projetos\/palavra-de-stela\/#primaryimage","inLanguage":"pt-BR","url":"https:\/\/kavantan.com.br\/2016\/wp-content\/uploads\/2018\/05\/Foto-Joao-Caldas-F\u00ba_326646press.jpg","contentUrl":"https:\/\/kavantan.com.br\/2016\/wp-content\/uploads\/2018\/05\/Foto-Joao-Caldas-F\u00ba_326646press.jpg","width":2145,"height":2362},{"@type":"WebPage","@id":"https:\/\/kavantan.com.br\/2016\/projetos\/palavra-de-stela\/#webpage","url":"https:\/\/kavantan.com.br\/2016\/projetos\/palavra-de-stela\/","name":"Kavantan Projetos e Eventos Culturais &ndash; Palavra de Stela","isPartOf":{"@id":"https:\/\/kavantan.com.br\/2016\/#website"},"primaryImageOfPage":{"@id":"https:\/\/kavantan.com.br\/2016\/projetos\/palavra-de-stela\/#primaryimage"},"datePublished":"2018-05-04T16:12:29+00:00","dateModified":"2020-06-30T20:18:09+00:00","description":"Mon\u00f3logo estreado por Cleide Queiroz e dirigido por Elias Andreato, livremente baseado na vida e obra da poetisa brasileira Stela do Patroc\u00ednio","breadcrumb":{"@id":"https:\/\/kavantan.com.br\/2016\/projetos\/palavra-de-stela\/#breadcrumb"},"inLanguage":"pt-BR","potentialAction":[{"@type":"ReadAction","target":["https:\/\/kavantan.com.br\/2016\/projetos\/palavra-de-stela\/"]}]},{"@type":"BreadcrumbList","@id":"https:\/\/kavantan.com.br\/2016\/projetos\/palavra-de-stela\/#breadcrumb","itemListElement":[{"@type":"ListItem","position":1,"name":"In\u00edcio","item":"https:\/\/kavantan.com.br\/2016\/"},{"@type":"ListItem","position":2,"name":"Projetos","item":"https:\/\/kavantan.com.br\/2016\/projetos\/"},{"@type":"ListItem","position":3,"name":"Palavra de Stela"}]}]}},"_links":{"self":[{"href":"https:\/\/kavantan.com.br\/2016\/wp-json\/wp\/v2\/pages\/830","targetHints":{"allow":["GET"]}}],"collection":[{"href":"https:\/\/kavantan.com.br\/2016\/wp-json\/wp\/v2\/pages"}],"about":[{"href":"https:\/\/kavantan.com.br\/2016\/wp-json\/wp\/v2\/types\/page"}],"author":[{"embeddable":true,"href":"https:\/\/kavantan.com.br\/2016\/wp-json\/wp\/v2\/users\/1"}],"replies":[{"embeddable":true,"href":"https:\/\/kavantan.com.br\/2016\/wp-json\/wp\/v2\/comments?post=830"}],"version-history":[{"count":27,"href":"https:\/\/kavantan.com.br\/2016\/wp-json\/wp\/v2\/pages\/830\/revisions"}],"predecessor-version":[{"id":1150,"href":"https:\/\/kavantan.com.br\/2016\/wp-json\/wp\/v2\/pages\/830\/revisions\/1150"}],"up":[{"embeddable":true,"href":"https:\/\/kavantan.com.br\/2016\/wp-json\/wp\/v2\/pages\/23"}],"wp:featuredmedia":[{"embeddable":true,"href":"https:\/\/kavantan.com.br\/2016\/wp-json\/wp\/v2\/media\/834"}],"wp:attachment":[{"href":"https:\/\/kavantan.com.br\/2016\/wp-json\/wp\/v2\/media?parent=830"}],"curies":[{"name":"wp","href":"https:\/\/api.w.org\/{rel}","templated":true}]}}