{"id":44,"date":"2016-09-30T13:57:35","date_gmt":"2016-09-30T16:57:35","guid":{"rendered":"http:\/\/kavantan.com.br\/2016\/?page_id=44"},"modified":"2019-10-31T18:32:24","modified_gmt":"2019-10-31T21:32:24","slug":"cursos-realizados","status":"publish","type":"page","link":"https:\/\/kavantan.com.br\/2016\/cursos\/cursos-realizados\/","title":{"rendered":"Cursos realizados"},"content":{"rendered":"<p><img loading=\"lazy\" decoding=\"async\" class=\"aligncenter size-full wp-image-387\" src=\"http:\/\/kavantan.com.br\/2016\/wp-content\/uploads\/2016\/09\/Cursos_realizados_1400x400.jpg\" alt=\"cursos_realizados_1400x400\" width=\"1400\" height=\"401\" srcset=\"https:\/\/kavantan.com.br\/2016\/wp-content\/uploads\/2016\/09\/Cursos_realizados_1400x400.jpg 1400w, https:\/\/kavantan.com.br\/2016\/wp-content\/uploads\/2016\/09\/Cursos_realizados_1400x400-300x86.jpg 300w, https:\/\/kavantan.com.br\/2016\/wp-content\/uploads\/2016\/09\/Cursos_realizados_1400x400-768x220.jpg 768w, https:\/\/kavantan.com.br\/2016\/wp-content\/uploads\/2016\/09\/Cursos_realizados_1400x400-1024x293.jpg 1024w\" sizes=\"auto, (max-width: 1400px) 100vw, 1400px\" \/><\/p>\n<p><b>CURSOS DE PRODU\u00c7\u00c3O E MARKETING CULTURAL<\/b><\/p>\n<p><b>2017:<\/b><\/p>\n<ul>\n<li>74\u00aa TURMA DO CURSO DE PRODU\u00c7\u00c3O CULTURAL E CAPTA\u00c7\u00c3O (S\u00c3O PAULO);<\/li>\n<\/ul>\n<p>&nbsp;<\/p>\n<p><b>2015:<\/b><\/p>\n<ul>\n<li>73\u00aa TURMA DO CURSO DE PRODU\u00c7\u00c3O E MARKETING CULTURAL (S\u00c3O PAULO);<\/li>\n<li>\u201cPLANEJAMENTO E FORMATA\u00c7\u00c3O DO PROJETO CULTURAL PARA ARTISTAS, PRODUTORES E GESTORES CULTURAIS&#8221; \u2013 SECRETARIA DE CULTURA DE S\u00c3O ROQUE \u2013 04 A 06 E 11 A 13\/05\/2015;<\/li>\n<li>CURSO DE CAPACITA\u00c7\u00c3O PARA EQUIPE DA FUNDA\u00c7\u00c3O PADRE ANCHEITA<\/li>\n<\/ul>\n<p>&nbsp;<\/p>\n<p><b>2014:<\/b><\/p>\n<ul>\n<li>72\u00aa TURMA DO CURSO DE PRODU\u00c7\u00c3O E MARKETING CULTURAL (S\u00c3O PAULO);<\/li>\n<li>SEMANA DE GEST\u00c3O E POL\u00cdTICAS CULTURAIS &#8211; PLANEJAMENTO E PRODU\u00c7\u00c3O CULTURAL- JANAUBA- MG;<\/li>\n<li>71\u00aa TURMA DO CURSO DE PRODU\u00c7\u00c3O E MARKETING CULTURAL (S\u00c3O PAULO);<\/li>\n<li>CURSO DE CAPACITA\u00c7\u00c3O PARA EQUIPE DA FUNDA\u00c7\u00c3O PADRE ANCHEITA<\/li>\n<\/ul>\n<p>&nbsp;<\/p>\n<p><b>2013:<\/b><\/p>\n<ul>\n<li>CURSO DE CAPACITA\u00c7\u00c3O EM LEIS DE INCENTIVO FISCAL \u00c0 CULTURA \u2013 SUBPREFEITURAS \u2013<strong>CURSOS E OFICINAS DE EMPREENDORISMO \u2013 <\/strong>TURMA 8;<\/li>\n<li>SEMANA DE GEST\u00c3O CULTURAL \u2013 AULA: PROAC \u2013 PRESIDENTE PRUDENTE \u2013 SP<\/li>\n<li>PALESTRA E WORKSHOP \u2013 PATROC\u00cdNIO E CAPT\u00c7\u00c3O DE RECURSOS- S\u00c3O JOS\u00c9 DOS CAMPOS \u2013 SP<\/li>\n<li>CURSO DE CAPACITA\u00c7\u00c3O EM LEIS DE INCENTIVO FISCAL \u00c0 CULTURA \u2013 SUBPREFEITURAS \u2013<strong>CURSOS E OFICINAS DE EMPREENDORISMO \u2013 <\/strong>TURMA 7;<\/li>\n<li>CURSO DE CAPACITA\u00c7\u00c3O EM LEIS DE INCENTIVO FISCAL \u00c0 CULTURA \u2013 SUBPREFEITURAS \u2013<strong>CURSOS E OFICINAS DE EMPREENDORISMO \u2013 <\/strong>TURMA 6;<\/li>\n<li>SEMANA DE GEST\u00c3O CULTURAL \u2013 AULA: PROAC \u2013 RIBEIR\u00c3O PRETO \u2013 SP;<\/li>\n<li>CURSO DE CAPACITA\u00c7\u00c3O EM LEIS DE INCENTIVO FISCAL \u00c0 CULTURA \u2013 SUBPREFEITURAS \u2013<strong>CURSOS E OFICINAS DE EMPREENDORISMO \u2013 <\/strong>TURMA 5;<\/li>\n<li>CURSO DE CAPACITA\u00c7\u00c3O EM LEIS DE INCENTIVO FISCAL \u00c0 CULTURA \u2013 SUBPREFEITURAS \u2013<strong>CURSOS E OFICINAS DE EMPREENDORISMO \u2013 <\/strong>TURMA 4;<\/li>\n<li>70\u00ba TURMA DO CURSO DE PRODU\u00c7\u00c3O E MARKETING CULTURAL (S\u00c3O PAULO);<\/li>\n<li>SEMANA DE GEST\u00c3O CULTURAL \u2013 AULA: PROAC \u2013 BAURU \u2013 SP;<\/li>\n<li>CURSO DE CAPACITA\u00c7\u00c3O EM LEIS DE INCENTIVO FISCAL \u00c0 CULTURA \u2013 SUBPREFEITURAS \u2013<strong>CURSOS E OFICINAS DE EMPREENDORISMO \u2013 <\/strong>TURMA 3;<\/li>\n<li>CURSO DE CAPACITA\u00c7\u00c3O EM LEIS DE INCENTIVO FISCAL \u00c0 CULTURA \u2013 SUBPREFEITURAS \u2013<strong>CURSOS E OFICINAS DE EMPREENDORISMO \u2013 <\/strong>TURMA 2;<\/li>\n<li>CURSO DE CAPACITA\u00c7\u00c3O EM LEIS DE INCENTIVO FISCAL \u00c0 CULTURA \u2013 SUBPREFEITURAS \u2013<strong>CURSOS E OFICINAS DE EMPREENDORISMO \u2013 <\/strong>TURMA 1;<b><i><\/i><\/b><\/li>\n<li>SEMANA DE GEST\u00c3O CULTURAL \u2013 AULA: PROAC \u2013 ITA\u00da CULTURAL \u2013 S\u00c3O PAULO \u2013 SP;<\/li>\n<li>CURSO LEIS DE INCENTIVO \u2013 PONTOS MIS \u2013 MUSEU DA IMAGEM E DO SOM \u2013 S\u00c3O PAULO \u2013 SP ;<\/li>\n<li>CURSO DE PRODU\u00c7\u00c3O TEATRAL \u2013 SESI A.E. CARVALHO \u2013 S\u00c3O PAULO- SP;<\/li>\n<li>69\u00ba TURMA DO CURSO DE PRODU\u00c7\u00c3O E MARKETING CULTURAL (S\u00c3O PAULO);<\/li>\n<\/ul>\n<p>&nbsp;<\/p>\n<p><b>\u00a0<\/b><b>2012:<\/b><\/p>\n<ul>\n<li>CURSO PONTOS MIS \u2013 MUSEU DA IMAGEM E DO SOM \u2013 S\u00c3O PAULO \u2013 SP<\/li>\n<li>68\u00ba TURMA DO CURSO DE PRODU\u00c7\u00c3O E MARKETING CULTURAL (S\u00c3O PAULO);<\/li>\n<li>CURSO PONTOS MIS \u2013 JUQUI\u00c1 \u2013 SP<\/li>\n<li>67\u00ba TURMA DO CURSO DE PRODU\u00c7\u00c3O E MARKETING CULTURAL (S\u00c3O PAULO);<\/li>\n<li>66\u00ba TURMA DO CURSO DE PRODU\u00c7\u00c3O E MARKETING CULTURAL (S\u00c3O PAULO);<\/li>\n<li>WORKSHOP\u00a0\u201cGEST\u00c3O CULTURAL \u2013 PROAC \u2013 ICMS\u201d NA OFICINA CULTURAL OSWALD DE ANDRADE \u2013 S\u00c3O PAULO \u2013 SP<\/li>\n<\/ul>\n<p><b>\u00a0<\/b><\/p>\n<p><b><\/b><b>2011:<\/b><\/p>\n<ul>\n<li>LEI ROUANET E A INSTRU\u00c7\u00c3O NORMATIVA N.\u00ba 3, DE 30 DE DEZEMBRO DE 2010 \u2013 CENTRO CULTURAL BANCO DO BRASIL \u2013 SP<\/li>\n<li>WORKSHOP\u00a0\u201cAPRENDENDO A FAZER UM PROJETO CULTURAL \u2013 O ARTISTA EMPREENDEDOR\u201d, NO 8\u00ba F\u00d3RUM DE CULTURA DA RMC \u2013 INDAIATUBA<\/li>\n<li>WORKSHOP DE ELABORA\u00c7\u00c3O DE PROJETOS \u2013 BIBLIOTECA MUNICIPAL PROF. ROBERTO MOREIRA \u2013 FARTURA<\/li>\n<li>WORKSHOP DE ELABORA\u00c7\u00c3O DE PROJETOS \u2013 BIBLIOTECA P\u00daBLICA MUNICIPAL RICARDO FERREZ DE ARRUDA PINTO \u2013 PIRACICABA<\/li>\n<li>WORKSHOP DE ELABORA\u00c7\u00c3O DE PROJETOS \u2013 SECRETARIA DE EDUCA\u00c7\u00c3O E CULTURA \u2013 PINDAMONHANGABA<\/li>\n<li>WORKSHOP DE ELABORA\u00c7\u00c3O DE PROJETOS \u2013 AUDIT\u00d3RIO DA BIBLIOTECA S\u00c3O PAULO \u2013 S\u00c3O PAULO<\/li>\n<li>WORKSHOP DE ELABORA\u00c7\u00c3O DE PROJETOS \u2013 CEC KAIGAI KOGYO KABUSHIKI KAISHA \u2013 REGISTRO<\/li>\n<li>WORKSHOP DE ELABORA\u00c7\u00c3O DE PROJETOS \u2013 AUDIT\u00d3RIO DA BIBLIOTECA S\u00c3O PAULO \u2013 S\u00c3O PAULO<\/li>\n<li>CURSO PARA REPRESENTANTES DAS SECRETARIAS MUNICIPAIS \u2013 PROAC \u2013 LEI ROUANET \u2013 S\u00c3O PAULO \u2013 SAL\u00c3O NOBRE DA SECERETARIA DE ESTADO DA CULTURA \u2013 TURMA I<\/li>\n<li>CURSO PARA REPRESENTANTES DAS SECRETARIAS MUNICIPAIS \u2013 PROAC \u2013 LEI ROUANET \u2013 S\u00c3O PAULO \u2013 SAL\u00c3O NOBRE DA SECERETARIA DE ESTADO DA CULTURA \u2013 TURMA II<\/li>\n<\/ul>\n<p>&nbsp;<\/p>\n<p><b>2010:<\/b><\/p>\n<ul>\n<li>PRODU\u00c7\u00c3O TEATRAL: PLANEJAMENTO E A\u00c7\u00c3O \u2013 S\u00c3O PAULO \u2013 SESC VILA MARIANA<\/li>\n<li>GEST\u00c3O CULTURAL PARA PONTOS DE CULTURA \u2013 TURMA DE S\u00c3O PAULO III<\/li>\n<li>GEST\u00c3O CULTURAL PARA PONTOS DE CULTURA \u2013 TURMA DE S\u00c3O PAULO II<\/li>\n<li>GEST\u00c3O CULTURAL PARA PONTOS DE CULTURA \u2013 TURMA DE S\u00c3O PAULO I<\/li>\n<li>GEST\u00c3O CULTURAL PARA PONTOS DE CULTURA \u2013 TURMA DE S\u00c3O JOS\u00c9 DOS CAMPOS<\/li>\n<li>GEST\u00c3O CULTURAL PARA PONTOS DE CULTURA \u2013 TURMA DE ITAPETININGA<\/li>\n<li>GEST\u00c3O CULTURAL PARA PONTOS DE CULTURA \u2013 TURMA DE SANTA B\u00c1RBARA DO OESTE<\/li>\n<li>GEST\u00c3O CULTURAL PARA PONTOS DE CULTURA \u2013 TURMA DE BRAGAN\u00c7A PAULISTA<\/li>\n<li>GEST\u00c3O CULTURAL PARA PONTOS DE CULTURA \u2013 TURMA DA BAIXADA SANTISTA<\/li>\n<li>65\u00ba TURMA DO CURSO DE PRODU\u00c7\u00c3O E MARKETING CULTURAL (S\u00c3O PAULO);<\/li>\n<\/ul>\n<p><b>\u00a0<\/b><\/p>\n<p><b>2009:<\/b><\/p>\n<ul>\n<li>64\u00ba TURMA DO CURSO DE PRODU\u00c7\u00c3O E MARKETING CULTURAL (S\u00c3O PAULO);<\/li>\n<li>CURSO DE CAPTA\u00c7\u00c3O DE RECURSOS \u2013 SESCOOP \u2013 (S\u00c3O PAULO \u2013 SP)<\/li>\n<li>CAPACITA\u00c7\u00c3O DE AGENTES CULTURAIS \u2013 MANAUSCULT (MANAUS \u2013 AM);<\/li>\n<li>PRODU\u00c7\u00c3O E MARKETING CULTURAL \u2013 FUNDA\u00c7\u00c3O CULTURAL CASSIANO RICARDO (S\u00c3O JOS\u00c9 DOS CAMPOS \u2013 SP);<\/li>\n<li>63\u00ba TURMA DO CURSO DE PRODU\u00c7\u00c3O E MARKETING CULTURAL (S\u00c3O PAULO);<\/li>\n<\/ul>\n<p><b>\u00a0<\/b><\/p>\n<p><b>2008:<\/b><\/p>\n<ul>\n<li>62\u00ba TURMA DO CURSO DE PRODU\u00c7\u00c3O E MARKETING CULTURAL (S\u00c3O PAULO);<\/li>\n<li>61\u00ba TURMA DO CURSO DE PRODU\u00c7\u00c3O E MARKETING CULTURAL (S\u00c3O PAULO);<b><\/b><\/li>\n<li>60\u00ba TURMA DO CURSO DE PRODU\u00c7\u00c3O E MARKETING CULTURAL (S\u00c3O PAULO);<b><\/b><\/li>\n<li>WORKSHOP DE GEST\u00c3O CULTURAL PAC \u2013 ICMS \/ \u00a0OFICINA CULTURAL OSWALD DE ANDRADE (S\u00c3O PAULO);<b><\/b><\/li>\n<\/ul>\n<p><b>\u00a0<\/b><\/p>\n<p><b>2007:<\/b><\/p>\n<ul>\n<li>59\u00ba TURMA DO CURSO DE PRODU\u00c7\u00c3O E MARKETING CULTURAL (S\u00c3O PAULO);<\/li>\n<li>CURSO DE GEST\u00c3O CONTEMPOR\u00c2NEA DA CULTURA III \u2013 DUO\/EAD (VIA INTERNET);<\/li>\n<li>58\u00ba TURMA DO CURSO DE PRODU\u00c7\u00c3O E MARKETING CULTURAL (S\u00c3O PAULO);<\/li>\n<li>CURSO DE GEST\u00c3O CONTEMPOR\u00c2NEA DA CULTURA II \u2013 DUO\/EAD (VIA INTERNET);<\/li>\n<li>57\u00ba TURMA DO CURSO DE PRODU\u00c7\u00c3O E MARKETING CULTURAL (S\u00c3O PAULO)<\/li>\n<\/ul>\n<p><b><\/b><b>\u00a0<\/b><\/p>\n<p><b>2006:<\/b><\/p>\n<ul>\n<li>CURSO DE GEST\u00c3O CONTEMPOR\u00c2NEA DA CULTURA I \u2013 DUO\/EAD (VIA INTERNET)<\/li>\n<li>56\u00ba TURMA DO CURSO DE PRODU\u00c7\u00c3O E MARKETING CULTURAL (S\u00c3O PAULO)<\/li>\n<li>CURSO DE PRODU\u00c7\u00c3O E MARKETING CULTURAL PARA FUNCION\u00c1RIOS DA SECRETARIA ESTADUAL DE CULTURAL DO AMAZONAS (MANAUS)<\/li>\n<li>55\u00ba TURMA DO CURSO DE PRODU\u00c7\u00c3O E MARKETING CULTURAL (S\u00c3O PAULO);<\/li>\n<li>CURSO DE ELABORA\u00c7\u00c3O E CAPTA\u00c7\u00c3O DE RECURSOS \u2013 16\u00ba CINE CEAR\u00c1 \u2013 FORTALEZA (CE);<\/li>\n<li>54\u00ba TURMA DO CURSO DE PRODU\u00c7\u00c3O E MARKETING CULTURAL (S\u00c3O PAULO);<\/li>\n<li>53\u00ba TURMA DO CURSO DE PRODU\u00c7\u00c3O E MARKETING CULTURAL (S\u00c3O PAULO);<\/li>\n<li>CURSO DE MARKETING CULTURAL E ELABORA\u00c7\u00c3O DE PROJETOS \u2013 SEBRAE \u2013 APACE \u2013 RECIFE (PE).<\/li>\n<\/ul>\n<p><b>\u00a0<\/b><\/p>\n<p><b>2005:<\/b><\/p>\n<ul>\n<li>CURSO DE ATUALIZA\u00c7\u00c3O EM LEI ROUANET PARA OS FUNCION\u00c1RIOS DO CCBB \u2013 S\u00c3O PAULO;<\/li>\n<li>52\u00ba TURMA DO CURSO DE PRODU\u00c7\u00c3O E MARKETING CULTURAL (S\u00c3O PAULO);<\/li>\n<li>7\u00ba WOKSHOP DE FORMATA\u00c7\u00c3O DO PROJETO CULTURAL PARA CAPTA\u00c7\u00c3O DE RECURSOS, BUSCA E NEGOCIA\u00c7\u00c3O DE PATROC\u00cdNIO (S\u00c3O PAULO)<\/li>\n<li>CURSO DE ELABORA\u00c7\u00c3O E CAPTA\u00c7\u00c3O DE RECURSOS \u2013 15\u00ba CINE CEAR\u00c1 \u2013 FORTALEZA (CE);<\/li>\n<li>51\u00ba TURMA DO CURSO DE PRODU\u00c7\u00c3O E MARKETING CULTURAL (S\u00c3O PAULO);<\/li>\n<li>50\u00ba TURMA DO CURSO DE PRODU\u00c7\u00c3O E MARKETING CULTURAL (S\u00c3O PAULO);<\/li>\n<li>CURSO DE MARKETING CULTURAL E ELABORA\u00c7\u00c3O DE PROJETOS \u2013 APACE \u2013 RECIFE (PE).<\/li>\n<\/ul>\n<p>&nbsp;<\/p>\n<p><b>2004:<\/b><\/p>\n<ul>\n<li>49\u00ba TURMA DO CURSO DE PRODU\u00c7\u00c3O E MARKETING CULTURAL (S\u00c3O PAULO);<\/li>\n<li>CURSO DE ELABORA\u00c7\u00c3O E CAPTA\u00c7\u00c3O DE RECURSOS \u2013 14\u00ba CINE CEAR\u00c1 \u2013 FORTALEZA (CE);<\/li>\n<li>48\u00ba TURMA DO CURSO DE PRODU\u00c7\u00c3O E MARKETING CULTURAL (S\u00c3O PAULO);<\/li>\n<li>M\u00d3DULO DE MARKETING CULTURAL NO CURSO GEST\u00c3O CULTURAL 2004 DA FUNDA\u00c7\u00c3O CL\u00d3VIS SALGADO, EM BELO HORIZONTE;<\/li>\n<li>47\u00ba TURMA DO CURSO DE PRODU\u00c7\u00c3O E MARKETING CULTURAL (S\u00c3O PAULO);<\/li>\n<li>CURSO DE MARKETING CULTURAL E ELABORA\u00c7\u00c3O DE PROJETOS \u2013 APACE \u2013 RECIFE (PE),<\/li>\n<li>CURSO DE MARKETING CULTURAL E ELABORA\u00c7\u00c3O DE PROJETOS \u2013 Funda\u00e7\u00e3o de Cultura da Cidade de Recife \u2013 RECIFE (PE),<\/li>\n<li>46\u00ba TURMA DO CURSO DE PRODU\u00c7\u00c0O E MARKETING CULTURAL (S\u00c3O PAULO);<\/li>\n<\/ul>\n<p><b>\u00a0<\/b><\/p>\n<p><b>2003:<\/b><\/p>\n<ul>\n<li>45\u00ba TURMA DO CURSO DE PRODU\u00c7\u00c0O E MARKETING CULTURAL (S\u00c3O PAULO);<\/li>\n<li>6\u00ba WOKSHOP DE FORMATA\u00c7\u00c3O DO PROJETO CULTURAL PARA CAPTA\u00c7\u00c3O DE RECURSOS, BUSCA E NEGOCIA\u00c7\u00c3O DE PATROC\u00cdNIO (S\u00c3O PAULO).<\/li>\n<li>OFICINA DE FORMATA\u00c7\u00c3O DE PROJETOS CULTURAIS E CAPTA\u00c7\u00c3O DE RECURSOS \u2013 13\u00ba CINE CEAR\u00c1 \u2013 FORTALEZA (CE);<\/li>\n<li>44\u00ba TURMA DO CURSO DE PRODU\u00c7\u00c0O E MARKETING CULTURAL (S\u00c3O PAULO);<\/li>\n<li>M\u00d3DULO DE MARKETING CULTURAL NO III CURSO GEST\u00c3O CULTURAL DA FUNDA\u00c7\u00c3O CL\u00d3VIS SALGADO, EM BELO HORIZONTE;<\/li>\n<li>43\u00ba TURMA DO CURSO DE PRODU\u00c7\u00c0O E MARKETING CULTURAL (S\u00c3O PAULO);<\/li>\n<li>42\u00ba TURMA DO CURSO DE PRODU\u00c7\u00c0O E MARKETING CULTURAL (S\u00c3O PAULO);<\/li>\n<li>CURSO DE MARKETING CULTURAL E ELABORA\u00c7\u00c3O DE PROJETOS \u2013 APACE \u2013 RECIFE (PE),<\/li>\n<\/ul>\n<p><b>\u00a0<\/b><\/p>\n<p><b>\u00a0<\/b><\/p>\n<p><b>2002:<\/b><\/p>\n<ul>\n<li>41\u00ba TURMA DO CURSO DE PRODU\u00c7\u00c3O E MARKETING CULTURAL (S\u00c3O PAULO).<\/li>\n<li>5\u00ba WOKSHOP DE FORMATA\u00c7\u00c3O DO PROJETO CULTURAL PARA CAPTA\u00c7\u00c3O DE RECURSOS, BUSCA E NEGOCIA\u00c7\u00c3O DE PATROC\u00cdNIO (S\u00c3O PAULO).<\/li>\n<li>40\u00ba TURMA DO CURSO DE PRODU\u00c7\u00c0O E MARKETING CULTURAL (S\u00c3O PAULO).<\/li>\n<li>OFICINA DE FORMATA\u00c7\u00c3O DE PROJETOS CULTURAIS E CAPTA\u00c7\u00c3O DE RECURSOS NO\u00a0 12\u00ba FESTIVAL DE CINEMA DO CEAR\u00c1 \u2013 FORTALEZA (CE)<\/li>\n<li>M\u00d3DULO DE MARKETING CULTURAL NO III CURSO GEST\u00c3O CULTURAL DA FUNDA\u00c7\u00c3O CL\u00d3VIS SALGADO, EM BELO HORIZONTE;<\/li>\n<li>CURSO DE PRODU\u00c7\u00c3O TEATRAL NO COL\u00c9GIO DE DIRE\u00c7\u00c3O TEATRAL DO INSTITUTO DRAG\u00c3O DO MAR \u2013 FORTALEZA (CE);<\/li>\n<li>CURSO DE PRODU\u00c7\u00c3O E MARKETING CULTURAL NO INSTITUTO CDL \u2013<\/li>\n<\/ul>\n<p>FORTALEZA (CE)<\/p>\n<ul>\n<li>39\u00ba TURMA DO CURSO DE PRODU\u00c7\u00c0O E MARKETING CULTURAL (S\u00c3O PAULO).<\/li>\n<\/ul>\n<p><b><\/b><b>\u00a0<\/b><\/p>\n<p><b>2001:<\/b><\/p>\n<ul>\n<li>M\u00d3DULO DE MARKETING CULTURAL NO II CURSO GEST\u00c3O CULTURAL DA FUNDA\u00c7\u00c3O CL\u00d3VIS SALGADO, EM BELO HORIZONTE;<\/li>\n<li>CURSO DE PRODU\u00c7\u00c3O E MARKETING CULTURAL PARA O CORAL DA USP;<\/li>\n<li>38\u00aa TURMA DO CURSO DE PRODU\u00c7\u00c3O E MARKETING CULTURAL (S\u00c3O PAULO);<\/li>\n<li>37\u00aa TURMA DO CURSO DE PRODU\u00c7\u00c3O E MARKETING CULTURAL (S\u00c3O PAULO);<\/li>\n<li>36\u00aa TURMA DO CURSO DE PRODU\u00c7\u00c3O E MARKETING CULTURAL (S\u00c3O PAULO);<\/li>\n<\/ul>\n<p><b>\u00a0<\/b><\/p>\n<p><b><\/b><b>2000:<\/b><\/p>\n<ul>\n<li>M\u00d3DULO DE MARKETING CULTURAL NO I CURSO GEST\u00c3O CULTURAL DA FUNDA\u00c7\u00c3O CL\u00d3VIS SALGADO, EM BELO HORIZONTE;<\/li>\n<li>35\u00aa TURMA DO CURSO DE PRODU\u00c7\u00c3O E MARKETING CULTURAL (S\u00c3O PAULO);<\/li>\n<li>34\u00aa TURMA DO CURSO DE PRODU\u00c7\u00c3O E MARKETING CULTURAL (S\u00c3O PAULO);<\/li>\n<li>33\u00aa TURMA DO CURSO DE PRODU\u00c7\u00c3O E MARKETING CULTURAL (S\u00c3O PAULO);<\/li>\n<li>32\u00aa TURMA DO CURSO DE PRODU\u00c7\u00c3O E MARKETING CULTURAL (S\u00c3O PAULO);<\/li>\n<li>31\u00aa TURMA DO CURSO DE PRODU\u00c7\u00c3O E MARKETING CULTURAL (S\u00c3O PAULO);<\/li>\n<li>FUNDA\u00c7\u00c3O EDUCAR DPASCHOAL \u2013 CURSO INTENSIVO DE PRODU\u00c7\u00c3O E MARKETING CULTURAL \u2013 CAMPINAS \u2013 SP;<\/li>\n<li>FACULDADE DE ECONOMIA E ADMINISTRA\u00c7\u00c3O DA UNIVERSIDADE DE S\u00c3O PAULO (FEA \u2013 USP) \u2013 CURSO INTENSIVO DE PRODU\u00c7\u00c3O E MARKETING CULTURAL.<\/li>\n<\/ul>\n<p><b>\u00a0<\/b><\/p>\n<p><b><\/b><b>1999:<\/b><\/p>\n<ul>\n<li>30\u00aa TURMA DO CURSO DE PRODU\u00c7\u00c3O E MARKETING CULTURAL (S\u00c3O PAULO).<\/li>\n<li>29\u00aa TURMA DO CURSO DE PRODU\u00c7\u00c3O E MARKETING CULTURAL (S\u00c3O PAULO);<\/li>\n<li>28\u00aa TURMA DO CURSO DE PRODU\u00c7\u00c3O E MARKETING CULTURAL (S\u00c3O PAULO);<\/li>\n<li>27\u00aa TURMA DO CURSO DE PRODU\u00c7\u00c3O E MARKETING CULTURAL (S\u00c3O PAULO);<\/li>\n<li>26\u00aa TURMA DO CURSO DE PRODU\u00c7\u00c3O E MARKETING CULTURAL (S\u00c3O PAULO);<\/li>\n<li>25\u00aa TURMA DO CURSO DE PRODU\u00c7\u00c3O E MARKETING CULTURAL (S\u00c3O PAULO);<\/li>\n<li>PORTO ALEGRE: ADVB-RS (Associa\u00e7\u00e3o dos Dirigentes de Vendas do Brasil);<\/li>\n<li>OURO PRETO: FESTIVAL DE INVERNO DA UNIVERSIDADE FEDERAL DE MINAS GERAIS;<\/li>\n<li>CAMPINAS: ITA\u00da CULTURAL;<\/li>\n<li>RECIFE: SENAC;<\/li>\n<\/ul>\n<p>&nbsp;<\/p>\n<p><b>1998:<\/b><\/p>\n<ul>\n<li>PORTO ALEGRE: ADVB-RS (Associa\u00e7\u00e3o dos Dirigentes de Vendas do Brasil)<\/li>\n<li>BRAS\u00cdLIA: UNB (Universidade de Bras\u00edlia);<\/li>\n<li>S\u00c3O PAULO: USP (Universidade de S\u00e3o Paulo)- REITORIA PR\u00d3 CULTURA \u2013 CORALUSP;<\/li>\n<li>S\u00c3O JOS\u00c9 DOS CAMPOS \u2013 FUNDA\u00c7\u00c3O CULTURAL CASSIANO RICARDO;<\/li>\n<li>24\u00aa TURMA DO CURSO DE PRODU\u00c7\u00c3O E MARKETING CULTURAL (S\u00c3O PAULO).<\/li>\n<li>23\u00aa TURMA DO CURSO DE PRODU\u00c7\u00c3O E MARKETING CULTURAL (S\u00c3O PAULO);<\/li>\n<li>22\u00aa TURMA DO CURSO DE PRODU\u00c7\u00c3O E MARKETING CULTURAL (S\u00c3O PAULO);<\/li>\n<li>21\u00aa TURMA DO CURSO DE PRODU\u00c7\u00c3O E MARKETING CULTURAL (S\u00c3O PAULO);<\/li>\n<li>20\u00aa TURMA DO CURSO DE PRODU\u00c7\u00c3O E MARKETING CULTURAL (S\u00c3O PAULO);<\/li>\n<li>19\u00aa TURMA DO CURSO DE PRODU\u00c7\u00c3O E MARKETING CULTURAL (S\u00c3O PAULO);<\/li>\n<li>RECIFE: FUNDA\u00c7\u00c3O JOAQUIM NABUCO;<\/li>\n<li>RECIFE: MUSEU DA CIDADE;<\/li>\n<\/ul>\n<p><b>\u00a0<\/b><\/p>\n<p><b><\/b><b>1997:<\/b><\/p>\n<ul>\n<li>CURITIBA: SOLAR DO ROS\u00c1RIO (Institui\u00e7\u00e3o privada, Centro cultural que promove cursos de arte, possui galeria e livraria);<\/li>\n<li>PRESIDENTE PRUDENTE: OFICINA CULTURA DA SECRETARIA DO ESTADO DE S\u00c3O PAULO;<\/li>\n<li>18\u00aa TURMA DO CURSO DE PRODU\u00c7\u00c3O E MARKETING CULTURAL (S\u00c3O PAULO).<\/li>\n<li>17\u00aa TURMA DO CURSO DE PRODU\u00c7\u00c3O E MARKETING CULTURAL (S\u00c3O PAULO);<\/li>\n<li>16\u00aa TURMA DO CURSO DE PRODU\u00c7\u00c3O E MARKETING CULTURAL (S\u00c3O PAULO);<\/li>\n<li>15\u00aa TURMA DO CURSO DE PRODU\u00c7\u00c3O E MARKETING CULTURAL (S\u00c3O PAULO);<\/li>\n<li>14\u00aa TURMA DO CURSO DE PRODU\u00c7\u00c3O E MARKETING CULTURAL (S\u00c3O PAULO);<\/li>\n<li>13\u00aa TURMA DO CURSO DE PRODU\u00c7\u00c3O E MARKETING CULTURAL (S\u00c3O PAULO);<\/li>\n<li>12\u00aa TURMA DO CURSO DE PRODU\u00c7\u00c3O E MARKETING CULTURAL (S\u00c3O PAULO);<\/li>\n<li>11\u00aa TURMA DO CURSO DE PRODU\u00c7\u00c3O E MARKETING CULTURAL (S\u00c3O PAULO);<\/li>\n<\/ul>\n<p>&nbsp;<\/p>\n<p><b><\/b><b>1996:<\/b><\/p>\n<ul>\n<li>10\u00aa TURMA DO CURSO DE PRODU\u00c7\u00c3O E MARKETING CULTURAL (S\u00c3O PAULO).<\/li>\n<li>9\u00aa TURMA DO CURSO DE PRODU\u00c7\u00c3O E MARKETING CULTURAL (S\u00c3O PAULO);<\/li>\n<li>8\u00aa TURMA DO CURSO DE PRODU\u00c7\u00c3O E MARKETING CULTURAL (S\u00c3O PAULO);<\/li>\n<li>7\u00aa TURMA DO CURSO DE PRODU\u00c7\u00c3O E MARKETING CULTURAL (S\u00c3O PAULO);<\/li>\n<li>6\u00aa TURMA DO CURSO DE PRODU\u00c7\u00c3O E MARKETING CULTURAL (S\u00c3O PAULO);<\/li>\n<li>5\u00aa TURMA DO CURSO DE PRODU\u00c7\u00c3O E MARKETING CULTURAL (S\u00c3O PAULO);<\/li>\n<li>4\u00aa TURMA DO CURSO DE PRODU\u00c7\u00c3O E MARKETING CULTURAL (S\u00c3O PAULO);<\/li>\n<li>3\u00aa TURMA DO CURSO DE PRODU\u00c7\u00c3O E MARKETING CULTURAL (S\u00c3O PAULO);<\/li>\n<li>2\u00aa TURMA DO CURSO DE PRODU\u00c7\u00c3O E MARKETING CULTURAL (S\u00c3O PAULO);<\/li>\n<\/ul>\n<p>&nbsp;<\/p>\n<p><b>1995:<\/b><\/p>\n<ul>\n<li>1\u00aa TURMA DO CURSO DE PRODU\u00c7\u00c3O E MARKETING CULTURAL (S\u00c3O PAULO).<\/li>\n<\/ul>\n","protected":false},"excerpt":{"rendered":"<p>CURSOS DE PRODU\u00c7\u00c3O E MARKETING CULTURAL 2017: 74\u00aa TURMA DO CURSO DE [&hellip;]<\/p>\n","protected":false},"author":1,"featured_media":0,"parent":42,"menu_order":0,"comment_status":"closed","ping_status":"closed","template":"page-templates\/page_fullwidth.php","meta":{"_monsterinsights_skip_tracking":false,"_monsterinsights_sitenote_active":false,"_monsterinsights_sitenote_note":"","_monsterinsights_sitenote_category":0,"spay_email":"","footnotes":""},"class_list":["post-44","page","type-page","status-publish","hentry"],"yoast_head":"<!-- This site is optimized with the Yoast SEO plugin v18.0 - https:\/\/yoast.com\/wordpress\/plugins\/seo\/ -->\n<title>Cursos realizados &ndash; Kavantan Projetos e Eventos Culturais<\/title>\n<meta name=\"robots\" content=\"index, follow, max-snippet:-1, max-image-preview:large, max-video-preview:-1\" \/>\n<link rel=\"canonical\" href=\"https:\/\/kavantan.com.br\/2016\/cursos\/cursos-realizados\/\" \/>\n<meta property=\"og:locale\" content=\"pt_BR\" \/>\n<meta property=\"og:type\" content=\"article\" \/>\n<meta property=\"og:title\" content=\"Cursos realizados &ndash; Kavantan Projetos e Eventos Culturais\" \/>\n<meta property=\"og:description\" content=\"CURSOS DE PRODU\u00c7\u00c3O E MARKETING CULTURAL 2017: 74\u00aa TURMA DO CURSO DE [&hellip;]\" \/>\n<meta property=\"og:url\" content=\"https:\/\/kavantan.com.br\/2016\/cursos\/cursos-realizados\/\" \/>\n<meta property=\"og:site_name\" content=\"Kavantan Projetos e Eventos Culturais\" \/>\n<meta property=\"article:publisher\" content=\"https:\/\/www.facebook.com\/KavantanCultural\/\" \/>\n<meta property=\"article:modified_time\" content=\"2019-10-31T21:32:24+00:00\" \/>\n<meta property=\"og:image\" content=\"http:\/\/kavantan.com.br\/2016\/wp-content\/uploads\/2016\/09\/Cursos_realizados_1400x400.jpg\" \/>\n<meta name=\"twitter:card\" content=\"summary\" \/>\n<meta name=\"twitter:label1\" content=\"Est. tempo de leitura\" \/>\n\t<meta name=\"twitter:data1\" content=\"11 minutos\" \/>\n<script type=\"application\/ld+json\" class=\"yoast-schema-graph\">{\"@context\":\"https:\/\/schema.org\",\"@graph\":[{\"@type\":\"Organization\",\"@id\":\"https:\/\/kavantan.com.br\/2016\/#organization\",\"name\":\"Kavantan Projetos e Eventos Culturais\",\"url\":\"https:\/\/kavantan.com.br\/2016\/\",\"sameAs\":[\"https:\/\/www.facebook.com\/KavantanCultural\/\",\"http:\/\/instagram.com\/KavantanCultural\",\"https:\/\/www.youtube.com\/channel\/UCb9iwGfNUFnBax2SqznpQYA\"],\"logo\":{\"@type\":\"ImageObject\",\"@id\":\"https:\/\/kavantan.com.br\/2016\/#logo\",\"inLanguage\":\"pt-BR\",\"url\":\"https:\/\/kavantan.com.br\/2016\/wp-content\/uploads\/2016\/09\/Kavantan_319x100.jpg\",\"contentUrl\":\"https:\/\/kavantan.com.br\/2016\/wp-content\/uploads\/2016\/09\/Kavantan_319x100.jpg\",\"width\":319,\"height\":100,\"caption\":\"Kavantan Projetos e Eventos Culturais\"},\"image\":{\"@id\":\"https:\/\/kavantan.com.br\/2016\/#logo\"}},{\"@type\":\"WebSite\",\"@id\":\"https:\/\/kavantan.com.br\/2016\/#website\",\"url\":\"https:\/\/kavantan.com.br\/2016\/\",\"name\":\"Kavantan Projetos e Eventos Culturais\",\"description\":\"\",\"publisher\":{\"@id\":\"https:\/\/kavantan.com.br\/2016\/#organization\"},\"potentialAction\":[{\"@type\":\"SearchAction\",\"target\":{\"@type\":\"EntryPoint\",\"urlTemplate\":\"https:\/\/kavantan.com.br\/2016\/?s={search_term_string}\"},\"query-input\":\"required name=search_term_string\"}],\"inLanguage\":\"pt-BR\"},{\"@type\":\"ImageObject\",\"@id\":\"https:\/\/kavantan.com.br\/2016\/cursos\/cursos-realizados\/#primaryimage\",\"inLanguage\":\"pt-BR\",\"url\":\"http:\/\/kavantan.com.br\/2016\/wp-content\/uploads\/2016\/09\/Cursos_realizados_1400x400.jpg\",\"contentUrl\":\"http:\/\/kavantan.com.br\/2016\/wp-content\/uploads\/2016\/09\/Cursos_realizados_1400x400.jpg\"},{\"@type\":\"WebPage\",\"@id\":\"https:\/\/kavantan.com.br\/2016\/cursos\/cursos-realizados\/#webpage\",\"url\":\"https:\/\/kavantan.com.br\/2016\/cursos\/cursos-realizados\/\",\"name\":\"Cursos realizados &ndash; Kavantan Projetos e Eventos Culturais\",\"isPartOf\":{\"@id\":\"https:\/\/kavantan.com.br\/2016\/#website\"},\"primaryImageOfPage\":{\"@id\":\"https:\/\/kavantan.com.br\/2016\/cursos\/cursos-realizados\/#primaryimage\"},\"datePublished\":\"2016-09-30T16:57:35+00:00\",\"dateModified\":\"2019-10-31T21:32:24+00:00\",\"breadcrumb\":{\"@id\":\"https:\/\/kavantan.com.br\/2016\/cursos\/cursos-realizados\/#breadcrumb\"},\"inLanguage\":\"pt-BR\",\"potentialAction\":[{\"@type\":\"ReadAction\",\"target\":[\"https:\/\/kavantan.com.br\/2016\/cursos\/cursos-realizados\/\"]}]},{\"@type\":\"BreadcrumbList\",\"@id\":\"https:\/\/kavantan.com.br\/2016\/cursos\/cursos-realizados\/#breadcrumb\",\"itemListElement\":[{\"@type\":\"ListItem\",\"position\":1,\"name\":\"In\u00edcio\",\"item\":\"https:\/\/kavantan.com.br\/2016\/\"},{\"@type\":\"ListItem\",\"position\":2,\"name\":\"Cursos\",\"item\":\"https:\/\/kavantan.com.br\/2016\/cursos\/\"},{\"@type\":\"ListItem\",\"position\":3,\"name\":\"Cursos realizados\"}]}]}<\/script>\n<!-- \/ Yoast SEO plugin. -->","yoast_head_json":{"title":"Cursos realizados &ndash; Kavantan Projetos e Eventos Culturais","robots":{"index":"index","follow":"follow","max-snippet":"max-snippet:-1","max-image-preview":"max-image-preview:large","max-video-preview":"max-video-preview:-1"},"canonical":"https:\/\/kavantan.com.br\/2016\/cursos\/cursos-realizados\/","og_locale":"pt_BR","og_type":"article","og_title":"Cursos realizados &ndash; Kavantan Projetos e Eventos Culturais","og_description":"CURSOS DE PRODU\u00c7\u00c3O E MARKETING CULTURAL 2017: 74\u00aa TURMA DO CURSO DE [&hellip;]","og_url":"https:\/\/kavantan.com.br\/2016\/cursos\/cursos-realizados\/","og_site_name":"Kavantan Projetos e Eventos Culturais","article_publisher":"https:\/\/www.facebook.com\/KavantanCultural\/","article_modified_time":"2019-10-31T21:32:24+00:00","og_image":[{"url":"http:\/\/kavantan.com.br\/2016\/wp-content\/uploads\/2016\/09\/Cursos_realizados_1400x400.jpg"}],"twitter_card":"summary","twitter_misc":{"Est. tempo de leitura":"11 minutos"},"schema":{"@context":"https:\/\/schema.org","@graph":[{"@type":"Organization","@id":"https:\/\/kavantan.com.br\/2016\/#organization","name":"Kavantan Projetos e Eventos Culturais","url":"https:\/\/kavantan.com.br\/2016\/","sameAs":["https:\/\/www.facebook.com\/KavantanCultural\/","http:\/\/instagram.com\/KavantanCultural","https:\/\/www.youtube.com\/channel\/UCb9iwGfNUFnBax2SqznpQYA"],"logo":{"@type":"ImageObject","@id":"https:\/\/kavantan.com.br\/2016\/#logo","inLanguage":"pt-BR","url":"https:\/\/kavantan.com.br\/2016\/wp-content\/uploads\/2016\/09\/Kavantan_319x100.jpg","contentUrl":"https:\/\/kavantan.com.br\/2016\/wp-content\/uploads\/2016\/09\/Kavantan_319x100.jpg","width":319,"height":100,"caption":"Kavantan Projetos e Eventos Culturais"},"image":{"@id":"https:\/\/kavantan.com.br\/2016\/#logo"}},{"@type":"WebSite","@id":"https:\/\/kavantan.com.br\/2016\/#website","url":"https:\/\/kavantan.com.br\/2016\/","name":"Kavantan Projetos e Eventos Culturais","description":"","publisher":{"@id":"https:\/\/kavantan.com.br\/2016\/#organization"},"potentialAction":[{"@type":"SearchAction","target":{"@type":"EntryPoint","urlTemplate":"https:\/\/kavantan.com.br\/2016\/?s={search_term_string}"},"query-input":"required name=search_term_string"}],"inLanguage":"pt-BR"},{"@type":"ImageObject","@id":"https:\/\/kavantan.com.br\/2016\/cursos\/cursos-realizados\/#primaryimage","inLanguage":"pt-BR","url":"http:\/\/kavantan.com.br\/2016\/wp-content\/uploads\/2016\/09\/Cursos_realizados_1400x400.jpg","contentUrl":"http:\/\/kavantan.com.br\/2016\/wp-content\/uploads\/2016\/09\/Cursos_realizados_1400x400.jpg"},{"@type":"WebPage","@id":"https:\/\/kavantan.com.br\/2016\/cursos\/cursos-realizados\/#webpage","url":"https:\/\/kavantan.com.br\/2016\/cursos\/cursos-realizados\/","name":"Cursos realizados &ndash; Kavantan Projetos e Eventos Culturais","isPartOf":{"@id":"https:\/\/kavantan.com.br\/2016\/#website"},"primaryImageOfPage":{"@id":"https:\/\/kavantan.com.br\/2016\/cursos\/cursos-realizados\/#primaryimage"},"datePublished":"2016-09-30T16:57:35+00:00","dateModified":"2019-10-31T21:32:24+00:00","breadcrumb":{"@id":"https:\/\/kavantan.com.br\/2016\/cursos\/cursos-realizados\/#breadcrumb"},"inLanguage":"pt-BR","potentialAction":[{"@type":"ReadAction","target":["https:\/\/kavantan.com.br\/2016\/cursos\/cursos-realizados\/"]}]},{"@type":"BreadcrumbList","@id":"https:\/\/kavantan.com.br\/2016\/cursos\/cursos-realizados\/#breadcrumb","itemListElement":[{"@type":"ListItem","position":1,"name":"In\u00edcio","item":"https:\/\/kavantan.com.br\/2016\/"},{"@type":"ListItem","position":2,"name":"Cursos","item":"https:\/\/kavantan.com.br\/2016\/cursos\/"},{"@type":"ListItem","position":3,"name":"Cursos realizados"}]}]}},"_links":{"self":[{"href":"https:\/\/kavantan.com.br\/2016\/wp-json\/wp\/v2\/pages\/44","targetHints":{"allow":["GET"]}}],"collection":[{"href":"https:\/\/kavantan.com.br\/2016\/wp-json\/wp\/v2\/pages"}],"about":[{"href":"https:\/\/kavantan.com.br\/2016\/wp-json\/wp\/v2\/types\/page"}],"author":[{"embeddable":true,"href":"https:\/\/kavantan.com.br\/2016\/wp-json\/wp\/v2\/users\/1"}],"replies":[{"embeddable":true,"href":"https:\/\/kavantan.com.br\/2016\/wp-json\/wp\/v2\/comments?post=44"}],"version-history":[{"count":7,"href":"https:\/\/kavantan.com.br\/2016\/wp-json\/wp\/v2\/pages\/44\/revisions"}],"predecessor-version":[{"id":799,"href":"https:\/\/kavantan.com.br\/2016\/wp-json\/wp\/v2\/pages\/44\/revisions\/799"}],"up":[{"embeddable":true,"href":"https:\/\/kavantan.com.br\/2016\/wp-json\/wp\/v2\/pages\/42"}],"wp:attachment":[{"href":"https:\/\/kavantan.com.br\/2016\/wp-json\/wp\/v2\/media?parent=44"}],"curies":[{"name":"wp","href":"https:\/\/api.w.org\/{rel}","templated":true}]}}